{"id":3208,"date":"2021-12-15T10:59:59","date_gmt":"2021-12-15T13:59:59","guid":{"rendered":"https:\/\/csbc.sbc.org.br\/2022\/?page_id=3208"},"modified":"2022-07-27T11:40:02","modified_gmt":"2022-07-27T14:40:02","slug":"brasnam","status":"publish","type":"page","link":"https:\/\/csbc.sbc.org.br\/2022\/brasnam\/","title":{"rendered":"BraSNAM"},"content":{"rendered":"\t\t<div data-elementor-type=\"wp-post\" data-elementor-id=\"3208\" class=\"elementor elementor-3208\">\n\t\t\t\t\t\t<section class=\"elementor-section elementor-top-section elementor-element elementor-element-3ce9014 elementor-section-boxed elementor-section-height-default elementor-section-height-default\" data-id=\"3ce9014\" data-element_type=\"section\" data-e-type=\"section\" data-settings=\"{&quot;background_background&quot;:&quot;video&quot;,&quot;shape_divider_bottom&quot;:&quot;waves&quot;,&quot;background_video_link&quot;:&quot;http:\\\/\\\/www.emanuelmachado.com.br\\\/Video - CSBC 2022.mp4&quot;,&quot;background_video_start&quot;:17,&quot;background_play_on_mobile&quot;:&quot;yes&quot;}\">\n\t\t\t\t\t\t\t\t<div class=\"elementor-background-video-container\">\n\t\t\t\t\t\t\t\t\t\t\t\t\t<video class=\"elementor-background-video-hosted\" role=\"presentation\" autoplay muted playsinline loop><\/video>\n\t\t\t\t\t\t\t\t\t\t\t<\/div>\n\t\t\t\t\t\t\t\t\t<div class=\"elementor-background-overlay\"><\/div>\n\t\t\t\t\t\t<div class=\"elementor-shape elementor-shape-bottom\" aria-hidden=\"true\" data-negative=\"false\">\n\t\t\t<svg xmlns=\"http:\/\/www.w3.org\/2000\/svg\" viewBox=\"0 0 1000 100\" preserveAspectRatio=\"none\">\n\t<path class=\"elementor-shape-fill\" d=\"M421.9,6.5c22.6-2.5,51.5,0.4,75.5,5.3c23.6,4.9,70.9,23.5,100.5,35.7c75.8,32.2,133.7,44.5,192.6,49.7\n\tc23.6,2.1,48.7,3.5,103.4-2.5c54.7-6,106.2-25.6,106.2-25.6V0H0v30.3c0,0,72,32.6,158.4,30.5c39.2-0.7,92.8-6.7,134-22.4\n\tc21.2-8.1,52.2-18.2,79.7-24.2C399.3,7.9,411.6,7.5,421.9,6.5z\"\/>\n<\/svg>\t\t<\/div>\n\t\t\t\t\t<div class=\"elementor-container elementor-column-gap-default\">\n\t\t\t\t\t<div class=\"elementor-column elementor-col-100 elementor-top-column elementor-element elementor-element-8c9fc30\" data-id=\"8c9fc30\" data-element_type=\"column\" data-e-type=\"column\">\n\t\t\t<div class=\"elementor-widget-wrap elementor-element-populated\">\n\t\t\t\t\t\t<div class=\"elementor-element elementor-element-b126080 elementor-widget elementor-widget-heading\" data-id=\"b126080\" data-element_type=\"widget\" data-e-type=\"widget\" data-settings=\"{&quot;ekit_we_effect_on&quot;:&quot;none&quot;}\" data-widget_type=\"heading.default\">\n\t\t\t\t<div class=\"elementor-widget-container\">\n\t\t\t\t\t<h1 class=\"elementor-heading-title elementor-size-default\">BraSNAM<span style=\"font-size:20px;padding-top:20px\">\n\nXI Brazilian Workshop on Social Network Analysis and Mining\n\n<\/span><\/h1>\t\t\t\t<\/div>\n\t\t\t\t<\/div>\n\t\t\t\t\t<\/div>\n\t\t<\/div>\n\t\t\t\t\t<\/div>\n\t\t<\/section>\n\t\t\t\t<section class=\"elementor-section elementor-top-section elementor-element elementor-element-4aa844b elementor-section-full_width elementor-section-height-default elementor-section-height-default\" data-id=\"4aa844b\" data-element_type=\"section\" data-e-type=\"section\">\n\t\t\t\t\t\t<div class=\"elementor-container elementor-column-gap-no\">\n\t\t\t\t\t<div class=\"elementor-column elementor-col-100 elementor-top-column elementor-element elementor-element-28bde77\" data-id=\"28bde77\" data-element_type=\"column\" data-e-type=\"column\">\n\t\t\t<div class=\"elementor-widget-wrap elementor-element-populated\">\n\t\t\t\t\t\t<div class=\"elementor-element elementor-element-de77726 elementor-hidden-tablet elementor-hidden-mobile elementor-widget elementor-widget-image\" data-id=\"de77726\" data-element_type=\"widget\" data-e-type=\"widget\" data-settings=\"{&quot;ekit_we_effect_on&quot;:&quot;none&quot;}\" data-widget_type=\"image.default\">\n\t\t\t\t<div class=\"elementor-widget-container\">\n\t\t\t\t\t\t\t\t\t\t\t\t\t\t\t<img decoding=\"async\" src=\"https:\/\/csbc.sbc.org.br\/2022\/wp-content\/uploads\/2021\/07\/curva-2022.png\" title=\"curva-2022\" alt=\"curva-2022\" loading=\"lazy\" \/>\t\t\t\t\t\t\t\t\t\t\t\t\t\t\t<\/div>\n\t\t\t\t<\/div>\n\t\t\t\t\t<\/div>\n\t\t<\/div>\n\t\t\t\t\t<\/div>\n\t\t<\/section>\n\t\t\t\t<section class=\"elementor-section elementor-top-section elementor-element elementor-element-fb68964 elementor-section-boxed elementor-section-height-default elementor-section-height-default\" data-id=\"fb68964\" data-element_type=\"section\" data-e-type=\"section\">\n\t\t\t\t\t\t<div class=\"elementor-container elementor-column-gap-default\">\n\t\t\t\t\t<div class=\"elementor-column elementor-col-50 elementor-top-column elementor-element elementor-element-d9233d2\" data-id=\"d9233d2\" data-element_type=\"column\" data-e-type=\"column\">\n\t\t\t<div class=\"elementor-widget-wrap elementor-element-populated\">\n\t\t\t\t\t\t<div class=\"elementor-element elementor-element-d195448 elementor-widget elementor-widget-html\" data-id=\"d195448\" data-element_type=\"widget\" data-e-type=\"widget\" id=\"programacao\" data-settings=\"{&quot;ekit_we_effect_on&quot;:&quot;none&quot;}\" data-widget_type=\"html.default\">\n\t\t\t\t<div class=\"elementor-widget-container\">\n\t\t\t\t\t<h2 class=\"section-title\" style=\"font-size:40px\">\n            <span class=\"sub-title\"><\/span>\n\t\t\t\n<em class=\"title-bar-shap\">\nPrograma\u00e7\u00e3o\n<\/em>\n        <\/h2>\t\t\t\t<\/div>\n\t\t\t\t<\/div>\n\t\t\t\t<div class=\"elementor-element elementor-element-336577b elementor-widget elementor-widget-eael-adv-accordion\" data-id=\"336577b\" data-element_type=\"widget\" data-e-type=\"widget\" data-settings=\"{&quot;ekit_we_effect_on&quot;:&quot;none&quot;}\" data-widget_type=\"eael-adv-accordion.default\">\n\t\t\t\t<div class=\"elementor-widget-container\">\n\t\t\t\t\t            <div class=\"eael-adv-accordion\" id=\"eael-adv-accordion-336577b\" data-scroll-on-click=\"no\" data-scroll-speed=\"300\" data-accordion-id=\"336577b\" data-accordion-type=\"accordion\" data-toogle-speed=\"300\">\n            <div class=\"eael-accordion-list\">\n\t\t\t\t\t<div id=\"div-classrowdiv-classcol-3-horab-classdia03bb-classmesagostobb-classhora20930bdivdiv-classcol-7-t1b-classtipo1palestrabspan-classtitulodesinformao-e-mdia-socialb-classautorraquel-recuero-ufpelbspandivdiv-classcol-2-fotoimg-srchttpscsbcsbcorgbr2022wp-contentuploads202205p1jpg-divdiv\" class=\"elementor-tab-title eael-accordion-header\" tabindex=\"0\" data-tab=\"2\" aria-controls=\"elementor-tab-content-5382\"><span class=\"eael-accordion-tab-title\"><div class=\"row\"><div class=\"col-3 hora\"><b class=\"dia\">03<\/b><b class=\"mes\">Agosto<\/b><b class=\"hora2\">09:30<\/b><\/div><div class=\"col-7 t1\"><b class=\"tipo1\">PALESTRA<\/b><span class=\"titulo\">Desinforma\u00e7\u00e3o e M\u00eddia Social<b class=\"autor\">Raquel Recuero (UFPEL)<\/b><\/span><\/div><div class=\"col-2 foto\"><img decoding=\"async\" src=\"https:\/\/csbc.sbc.org.br\/2022\/wp-content\/uploads\/2022\/05\/p1.jpg\"><\/div><\/div><\/span><i aria-hidden=\"true\" class=\"fa-toggle fas fa-angle-down\"><\/i><\/div><div id=\"elementor-tab-content-5382\" class=\"eael-accordion-content clearfix\" data-tab=\"2\" aria-labelledby=\"div-classrowdiv-classcol-3-horab-classdia03bb-classmesagostobb-classhora20930bdivdiv-classcol-7-t1b-classtipo1palestrabspan-classtitulodesinformao-e-mdia-socialb-classautorraquel-recuero-ufpelbspandivdiv-classcol-2-fotoimg-srchttpscsbcsbcorgbr2022wp-contentuploads202205p1jpg-divdiv\">A palestra tratar\u00e1 de elementos discursivos e de redes de desinforma\u00e7\u00e3o em plataformas de m\u00eddia social, apresentando casos e modos de an\u00e1lise.\n<div class=\"bio\">\n<h3 class=\"nome\"><img fetchpriority=\"high\" decoding=\"async\" class=\"alignnone size-medium wp-image-5127\" src=\"https:\/\/csbc.sbc.org.br\/2022\/wp-content\/uploads\/2022\/05\/p1.jpg\" alt=\"\" width=\"300\" height=\"293\" \/>\nRaquel Recuero<\/h3>\n<h4 class=\"nome\">Centro de Letras e Comunica\u00e7\u00e3o da UFPEL<\/h4>\nRaquel Recuero \u00e9 coordenadora do MIDIARS &#8211; Laborat\u00f3rio de Pesquisa em M\u00eddia, Discurso e An\u00e1lise de Redes, e professora do Centro de Letras e Comunica\u00e7\u00e3o da UFPEL e do PPGCOM da UFRGS.\n\n<\/div><\/div>\n\t\t\t\t\t<\/div><div class=\"eael-accordion-list\">\n\t\t\t\t\t<div id=\"div-classrowdiv-classcol-3-horab-classdia03bb-classmesagostobb-classhora21100bdivdiv-classcol-9-t1-stylepadding-top-30pximportantb-classtipo1-sesso-tcnicabspan-classtitulo-styleline-height25pxsesso-1b-classautorbspandivdiv\" class=\"elementor-tab-title eael-accordion-header\" tabindex=\"0\" data-tab=\"3\" aria-controls=\"elementor-tab-content-5383\"><span class=\"eael-accordion-tab-title\"><div class=\"row\"><div class=\"col-3 hora\"><b class=\"dia\">03<\/b><b class=\"mes\">Agosto<\/b><b class=\"hora2\">11:00<\/b><\/div><div class=\"col-9 t1\" style=\"padding-top: 30px!important\"><b class=\"tipo1\">SESS\u00c3O T\u00c9CNICA<\/b><span class=\"titulo\" style=\"line-height:25px\">Sess\u00e3o 1<b class=\"autor\"><\/b><\/span><\/div><\/div><\/span><i aria-hidden=\"true\" class=\"fa-toggle fas fa-angle-down\"><\/i><\/div><div id=\"elementor-tab-content-5383\" class=\"eael-accordion-content clearfix\" data-tab=\"3\" aria-labelledby=\"div-classrowdiv-classcol-3-horab-classdia03bb-classmesagostobb-classhora21100bdivdiv-classcol-9-t1-stylepadding-top-30pximportantb-classtipo1-sesso-tcnicabspan-classtitulo-styleline-height25pxsesso-1b-classautorbspandivdiv\"><table dir=\"ltr\"><colgroup> <col \/><\/colgroup><tbody><tr><td>Bate-papo<br \/><strong>Daniel Hasan Dalip<\/strong><\/td><\/tr><tr><td>222648: Analise de Sentimento em Tweets Relacionados ao Desmatamento da Floresta Amaz\u00f4nica<br \/><strong>Vinicius Paes e Silva (Universidade Federal Rural de Pernambuco), Danilo Ara\u00fajo (Federal Rural University of Pernambuco), Kellyton Brito (Universidade Federal Rural de Pernambuco), Ermeson Andrade (Universidade Federal Rural de Pernambuco)<\/strong><\/td><\/tr><tr><td>222916: O Discurso de \u00d3dio Homof\u00f3bico no Twitter a partir da An\u00e1lise de Dados<br \/><strong>Vin\u00edcius Dos Santos (Cefet-Rj), Felipe Henriques (Centro Federal de Educa\u00e7\u00e3o Tecnol\u00f3gica Celso Suckow da Fonseca), Gustavo Guedes (CEFET\/RJ)<\/strong><\/td><\/tr><tr><td>223250: Caracterizacao das publicacoes e relacoes entre midias alternativas polarizadas no Facebook<br \/><strong>Natan Laurett (Universidade Federal de Ouro Preto), Filipe Ribeiro (Universidade Federal de Ouro Preto)<\/strong><\/td><\/tr><tr><td>223173: Characterizing the Diffusion of Misinformation Regarding the CoronaVac Vaccine in Brazil<br \/><strong>Gabriel P. Oliveira (Universidade Federal de Minas Gerais), Beatriz F. Paiva (Universidade Federal de Minas Gerais), Ana Paula Couto da Silva (UFMG), Mirella Moro (Universidade Federal de Minas Gerais)<\/strong><\/td><\/tr><\/tbody><\/table><\/div>\n\t\t\t\t\t<\/div><div class=\"eael-accordion-list\">\n\t\t\t\t\t<div id=\"div-classrowdiv-classcol-3-horab-classdia03bb-classmesagostobb-classhora21400bdivdiv-classcol-9-t1-stylepadding-top-30pximportantb-classtipo1-sesso-tcnicabspan-classtitulo-styleline-height25pxsesso-2b-classautorbspandivdiv\" class=\"elementor-tab-title eael-accordion-header\" tabindex=\"0\" data-tab=\"4\" aria-controls=\"elementor-tab-content-5384\"><span class=\"eael-accordion-tab-title\"><div class=\"row\"><div class=\"col-3 hora\"><b class=\"dia\">03<\/b><b class=\"mes\">Agosto<\/b><b class=\"hora2\">14:00<\/b><\/div><div class=\"col-9 t1\" style=\"padding-top: 30px!important\"><b class=\"tipo1\">SESS\u00c3O T\u00c9CNICA<\/b><span class=\"titulo\" style=\"line-height:25px\">Sess\u00e3o 2<b class=\"autor\"><\/b><\/span><\/div><\/div><\/span><i aria-hidden=\"true\" class=\"fa-toggle fas fa-angle-down\"><\/i><\/div><div id=\"elementor-tab-content-5384\" class=\"eael-accordion-content clearfix\" data-tab=\"4\" aria-labelledby=\"div-classrowdiv-classcol-3-horab-classdia03bb-classmesagostobb-classhora21400bdivdiv-classcol-9-t1-stylepadding-top-30pximportantb-classtipo1-sesso-tcnicabspan-classtitulo-styleline-height25pxsesso-2b-classautorbspandivdiv\"><table dir=\"ltr\"><colgroup><col \/><\/colgroup><tbody><tr><td>Artigo convidado<br \/><strong>J\u00falio Reis e Fabr\u00edcio Benevenuto<\/strong> <\/td><\/tr><tr><td>223267: An\u00e1lise da Percep\u00e7\u00e3o das Pessoas no Twitter Sobre A\u00e7\u00f5es Policiais<br \/><strong>Marcos Fontes Feitosa (Universidade Federal do Piau\u00ed), Carlos Ferreira (Universidade Federal de Ouro Preto \/ Universidade Federal de Minas Gerais), Glauber Gon\u00e7alves (UFPI), Jussara Almeida (DCC-UFMG)<\/strong><\/td><\/tr><tr><td>222602: An\u00e1lise de Propagandas Eleitorais Antecipadas no Twitter<br \/><strong>Samuel Guimar\u00e3es (Universidade Federal de Minas Gerais), M\u00e1rcio Inacio da silva (Universidade Federal de Mato Grosso do Sul), Josemar Caetano (UFMG), Marcelo M. R. Ara\u00fajo (Universidade Federal de Minas Gerais(UFMG)), Jonatas Santos (Universidade Federal de Minas Gerais)<br \/>Julio Reis (Universidade Federal de Vi\u00e7osa (UFV)), Ana Paula Couto da Silva (UFMG), Fabricio Benevenuto (Universidade Federal de Minas Gerais)<\/strong><\/td><\/tr><tr><td>223330: A COVID-19 no Twitter: correlacionando vocabul\u00e1rio com agravamento e atenua\u00e7\u00e3o da pandemia no Brasil<br \/><strong>Pedro Alzamora (Universidade Federal de Minas Geais), Marcelo Sartori Locatelli (Universidade Federal de Minas Geais), Tereza Faria Cristina de Azevedo Faria (Universidade Federal de Minas Geais), Ramon Franco (Professor Adjunto Universidade Federal do Oeste da Bahia), Janaina Teodoro Guiginski (Universidade Federal de Minas Geais)<br \/>Evandro Cunha (Universidade Federal de Minas Gerais), Ana Paula Couto da Silva (UFMG), Wagner Meira Jr. (UFMG)<\/strong><\/td><\/tr><tr><td>223334: Feminismo e Redes Sociais Online: uma An\u00e1lise de Tweets sobre o Dia Internacional da Mulher<br \/><strong>Geandreson Costa (Universidade Federal do Par\u00e1), Fabio Lobato (Universidade Federal do Oeste Par\u00e1), Danielle Couto (Universidade Federal do Par\u00e1), A. Jacob Junior (Federal University of Par\u00e1)<\/strong><\/td><\/tr><tr><td>223293: Tiradentes no TripAdvisor &#8211; O que se fala sobre essa simp\u00e1tica cidade hist\u00f3rica?<br \/><strong>Antonio Alves (UFSJ), Lucas Felix (UFSJ), Carlos Barbosa (Federal University of S\u00e3o Jo\u00e3o Del Rei), Vin\u00edcius Vieira (Universidade Federal de S\u00e3o Jo\u00e3o del Rei), Carolina Xavier (UFSJ)<\/strong><\/td><\/tr><\/tbody><\/table><\/div>\n\t\t\t\t\t<\/div><div class=\"eael-accordion-list\">\n\t\t\t\t\t<div id=\"div-classrowdiv-classcol-3-horab-classdia04bb-classmesagostobb-classhora20900bdivdiv-classcol-9-t1-stylepadding-top-30pximportantb-classtipo1-sesso-tcnicabspan-classtitulo-styleline-height25pxsesso-3b-classautorbspandivdiv\" class=\"elementor-tab-title eael-accordion-header\" tabindex=\"0\" data-tab=\"5\" aria-controls=\"elementor-tab-content-5385\"><span class=\"eael-accordion-tab-title\"><div class=\"row\"><div class=\"col-3 hora\"><b class=\"dia\">04<\/b><b class=\"mes\">Agosto<\/b><b class=\"hora2\">09:00<\/b><\/div><div class=\"col-9 t1\" style=\"padding-top: 30px!important\"><b class=\"tipo1\">SESS\u00c3O T\u00c9CNICA<\/b><span class=\"titulo\" style=\"line-height:25px\">Sess\u00e3o 3<b class=\"autor\"><\/b><\/span><\/div><\/div><\/span><i aria-hidden=\"true\" class=\"fa-toggle fas fa-angle-down\"><\/i><\/div><div id=\"elementor-tab-content-5385\" class=\"eael-accordion-content clearfix\" data-tab=\"5\" aria-labelledby=\"div-classrowdiv-classcol-3-horab-classdia04bb-classmesagostobb-classhora20900bdivdiv-classcol-9-t1-stylepadding-top-30pximportantb-classtipo1-sesso-tcnicabspan-classtitulo-styleline-height25pxsesso-3b-classautorbspandivdiv\"><table dir=\"ltr\"><colgroup> <col \/><\/colgroup><tbody><tr><td>223212: Detec\u00e7\u00e3o de Posicionamento e Rotula\u00e7\u00e3o Autom\u00e1tica de Usu\u00e1rios do Twitter: estudo sobre o embate cient\u00edfico-pol\u00edtico no contexto da CPI da Covid-19<br \/><strong>Patricia Santos (Universidade Federal do ABC), Denise Goya (Universidade Federal do ABC)<\/strong><\/td><\/tr><tr><td>Bate-papo<br \/><strong>George Augusto Valen\u00e7a Santos<\/strong><\/td><\/tr><tr><td>223137: Delator: Detec\u00e7\u00e3o Autom\u00e1tica de Ind\u00edcios de Lavagem de Dinheiro por Redes Neurais em Grafos de Transa\u00e7\u00f5es<br \/><strong>Henrique S. Assump\u00e7\u00e3o (Universidade Federal de Minas Gerais), Fabr\u00edcio Souza (Universidade Federal de Minas Gerais), Leandro A. Lacerda Campos (Inter S.A.), Vin\u00edcius T. de Castro Pires (Inter S.A.), Paulo M. Laurentys de Almeida (Inter S.A.), Fabricio Murai (Universidade Federal de Minas Gerais)<\/strong><\/td><\/tr><tr><td>223262: Uso de URLs para caracteriza\u00e7\u00e3o de comunidades em Redes Sociais Online<br \/><strong>Carlos Magno Barbosa (UFSJ), Lucas Felix (UFSJ), Carolina Xavier (UFSJ), Vin\u00edcius Vieira (Universidade Federal de S\u00e3o Jo\u00e3o del Rei)<\/strong><\/td><\/tr><tr><td>223175: Alertas de fraude em licita\u00e7\u00f5es: Uma abordagem baseada em redes sociais<br \/><strong>Lucas L. Costa (UFMG), Arthur Reis (Universidade Federal de Minas Gerais), Clara S. Bacha (UFMG), Gabriel P. Oliveira (Universidade Federal de Minas Gerais), Mariana O. Silva (Universidade Federal de Minas Gerais), Matheus C. Teixeira (UFMG), Michele Brand\u00e3o (IFMG), Anisio Lacerda (UFMG), Gisele Pappa (UFMG)<\/strong><\/td><\/tr><\/tbody><\/table><\/div>\n\t\t\t\t\t<\/div><\/div>\t\t\t\t<\/div>\n\t\t\t\t<\/div>\n\t\t\t\t<div class=\"elementor-element elementor-element-ae827a9 elementor-widget elementor-widget-eael-adv-accordion\" data-id=\"ae827a9\" data-element_type=\"widget\" data-e-type=\"widget\" data-settings=\"{&quot;ekit_we_effect_on&quot;:&quot;none&quot;}\" data-widget_type=\"eael-adv-accordion.default\">\n\t\t\t\t<div class=\"elementor-widget-container\">\n\t\t\t\t\t            <div class=\"eael-adv-accordion\" id=\"eael-adv-accordion-ae827a9\" data-scroll-on-click=\"no\" data-scroll-speed=\"300\" data-accordion-id=\"ae827a9\" data-accordion-type=\"accordion\" data-toogle-speed=\"300\">\n            <div class=\"eael-accordion-list\">\n\t\t\t\t\t<div id=\"div-classrowdiv-classcol-3-horab-classdia04bb-classmesagostobb-classhora21100bdivdiv-classcol-9-t1-stylepadding-top-importantb-classtipo1-painelbspan-classtitulo-styleline-heightmonitoramento-de-redes-sociais-sobre-eleies-usando-uma-abordagem-de-cincia-de-dados-b-classautorfernando-guimares-ferreira-felipe-fink-grael-e-vitor-do-carmobrmoderador-julio-cesar-soares-dos-reisbspandivdiv\" class=\"elementor-tab-title eael-accordion-header\" tabindex=\"0\" data-tab=\"1\" aria-controls=\"elementor-tab-content-1821\"><span class=\"eael-accordion-tab-title\"><div class=\"row\"><div class=\"col-3 hora\"><b class=\"dia\">04<\/b><b class=\"mes\">Agosto<\/b><b class=\"hora2\">11:00<\/b><\/div><div class=\"col-9 t1\" style=\"padding-top: !important\"><b class=\"tipo1\">PAINEL<\/b><span class=\"titulo\" style=\"line-height:\">Monitoramento de redes sociais sobre elei\u00e7\u00f5es usando uma abordagem de ci\u00eancia de dados <b class=\"autor\">Fernando Guimar\u00e3es Ferreira,  Felipe Fink Grael e Vitor do Carmo<br>Moderador: Julio Cesar Soares dos Reis<\/b><\/span><\/div><\/div><\/span><i aria-hidden=\"true\" class=\"fa-toggle fas fa-angle-down\"><\/i><\/div><div id=\"elementor-tab-content-1821\" class=\"eael-accordion-content clearfix\" data-tab=\"1\" aria-labelledby=\"div-classrowdiv-classcol-3-horab-classdia04bb-classmesagostobb-classhora21100bdivdiv-classcol-9-t1-stylepadding-top-importantb-classtipo1-painelbspan-classtitulo-styleline-heightmonitoramento-de-redes-sociais-sobre-eleies-usando-uma-abordagem-de-cincia-de-dados-b-classautorfernando-guimares-ferreira-felipe-fink-grael-e-vitor-do-carmobrmoderador-julio-cesar-soares-dos-reisbspandivdiv\"><p>Neste painel, ser\u00e3o apresentadas an\u00e1lises realizadas durante as elei\u00e7\u00f5es presidenciais de 2018 e elei\u00e7\u00f5es municipais de 2020, onde foram utilizados dados provenientes de redes sociais para uma compreens\u00e3o de contextos e desempenho de campanha. Tamb\u00e9m ser\u00e3o mostrados aspectos de detec\u00e7\u00e3o de campanhas de desinforma\u00e7\u00e3o que foram presentes durante o processo eleitoral.<\/p><div class=\"bio\"><h3 class=\"nome\"><img decoding=\"async\" class=\"alignnone size-medium wp-image-5127\" src=\"https:\/\/csbc.sbc.org.br\/2022\/wp-content\/uploads\/2022\/07\/b2.png\" alt=\"\" width=\"300\" height=\"293\" \/><br \/>Fernando Guimar\u00e3es Ferreira<\/h3><h4 class=\"nome\">Painelista &#8211; Instituto Infnet e FGV<\/h4><p>Fernando Ferreira \u00e9 doutor pelo Programa de Engenharia El\u00e9trica da Universidade Federal do Rio de Janeiro (Coppe-UFRJ) com \u00eanfase em Intelig\u00eancia Computacional.<br \/>Participou da colabora\u00e7\u00e3o internacional com o CERN em Genebra\/UFRJ. \u00c9 s\u00f3cio-fundador da empresa Twist (https:\/\/twist.systems\/). Pela empresa, participou das elei\u00e7\u00f5es 2018 em projeto conjunto com parceiros, incluindo o TSE. Al\u00e9m das atividades de empreendedor, \u00e9 professor do Instituto Infnet e FGV.<\/p><\/div><div class=\"bio\"><h3 class=\"nome\"><img decoding=\"async\" class=\"alignnone size-medium wp-image-5127\" src=\"https:\/\/csbc.sbc.org.br\/2022\/wp-content\/uploads\/2022\/07\/b3.png\" alt=\"\" width=\"300\" height=\"293\" \/><br \/>Felipe Fink Grael<\/h3><h4 class=\"nome\">Painelista &#8211; Twist<\/h4><p>Co-fundador da empresa de ci\u00eancia de dados Twist e Mestre em Engenharia El\u00e9trica com \u00eanfase em Intelig\u00eancia Computacional pelo Programa de Engenharia El\u00e9trica (PEE) da COPPE\/UFRJ, participou por mais de 10 anos na colabora\u00e7\u00e3o UFRJ-CERN (Su\u00ed\u00e7a). Participa em projetos em Data Science para a Globo, Marinha do Brasil, Vallourec, entre outros.<\/p><\/div><div class=\"bio\"><h3 class=\"nome\"><img loading=\"lazy\" decoding=\"async\" class=\"alignnone size-medium wp-image-5127\" src=\"https:\/\/csbc.sbc.org.br\/2022\/wp-content\/uploads\/2022\/07\/b4.png\" alt=\"\" width=\"300\" height=\"293\" \/><br \/>Vitor do Carmo<\/h3><h4 class=\"nome\">Painelista &#8211; Twist<\/h4><p>Vitor do Carmos \u00e9 cientista de dados na Twist e mestre em Ci\u00eancia da Computa\u00e7\u00e3o pela Universidade Federal de S\u00e3o Jo\u00e3o del-Rei.<\/p><\/div><div class=\"bio\"><h3 class=\"nome\"><img loading=\"lazy\" decoding=\"async\" class=\"alignnone size-medium wp-image-5127\" src=\"https:\/\/csbc.sbc.org.br\/2022\/wp-content\/uploads\/2022\/07\/b1.jpg\" alt=\"\" width=\"300\" height=\"293\" \/><br \/>Julio Cesar Soares dos Reis<\/h3><h4 class=\"nome\">Moderador &#8211; UFV<\/h4><p>Julio Cesar Soares dos Reis \u00e9 professor do Departamento de Inform\u00e1tica (DPI) da Universidade Federal de Vi\u00e7osa (UFV). \u00c9 doutor e mestre em Ci\u00eancia da Computa\u00e7\u00e3o pela Universidade Federal de Minas Gerais (UFMG) e Bacharel em Sistemas de Informa\u00e7\u00e3o pela Pontif\u00edcia Universidade Cat\u00f3lica de Minas Gerais (PUC Minas). T\u00eam experi\u00eancia e interesse na \u00e1rea de Ci\u00eancia da Computa\u00e7\u00e3o, com \u00eanfase em Computa\u00e7\u00e3o Social, incluindo Intelig\u00eancia Artificial, Minera\u00e7\u00e3o de Dados, Jornalismo Computacional, Desinforma\u00e7\u00e3o e Comportamento Humano.<\/p><\/div><\/div>\n\t\t\t\t\t<\/div><\/div>\t\t\t\t<\/div>\n\t\t\t\t<\/div>\n\t\t\t\t<div class=\"elementor-element elementor-element-235ba13 elementor-widget elementor-widget-eael-adv-accordion\" data-id=\"235ba13\" data-element_type=\"widget\" data-e-type=\"widget\" data-settings=\"{&quot;ekit_we_effect_on&quot;:&quot;none&quot;}\" data-widget_type=\"eael-adv-accordion.default\">\n\t\t\t\t<div class=\"elementor-widget-container\">\n\t\t\t\t\t            <div class=\"eael-adv-accordion\" id=\"eael-adv-accordion-235ba13\" data-scroll-on-click=\"no\" data-scroll-speed=\"300\" data-accordion-id=\"235ba13\" data-accordion-type=\"accordion\" data-toogle-speed=\"300\">\n            <div class=\"eael-accordion-list\">\n\t\t\t\t\t<div id=\"div-classrowdiv-classcol-3-horab-classdia04bb-classmesagostobb-classhora21400bdivdiv-classcol-9-t1-stylepadding-top-30pximportantb-classtipo1-sesso-tcnicabspan-classtitulo-styleline-height25pxsesso-shortsb-classautorbspandivdiv\" class=\"elementor-tab-title eael-accordion-header\" tabindex=\"0\" data-tab=\"1\" aria-controls=\"elementor-tab-content-3701\"><span class=\"eael-accordion-tab-title\"><div class=\"row\"><div class=\"col-3 hora\"><b class=\"dia\">04<\/b><b class=\"mes\">Agosto<\/b><b class=\"hora2\">14:00<\/b><\/div><div class=\"col-9 t1\" style=\"padding-top: 30px!important\"><b class=\"tipo1\">SESS\u00c3O T\u00c9CNICA<\/b><span class=\"titulo\" style=\"line-height:25px\">Sess\u00e3o shorts<b class=\"autor\"><\/b><\/span><\/div><\/div><\/span><i aria-hidden=\"true\" class=\"fa-toggle fas fa-angle-down\"><\/i><\/div><div id=\"elementor-tab-content-3701\" class=\"eael-accordion-content clearfix\" data-tab=\"1\" aria-labelledby=\"div-classrowdiv-classcol-3-horab-classdia04bb-classmesagostobb-classhora21400bdivdiv-classcol-9-t1-stylepadding-top-30pximportantb-classtipo1-sesso-tcnicabspan-classtitulo-styleline-height25pxsesso-shortsb-classautorbspandivdiv\"><table dir=\"ltr\"><colgroup><col \/><\/colgroup><tbody><tr><td>222805: Estrat\u00e9gia de P\u00f3s-processamento Aplicada a um Sistema de Recomenda\u00e7\u00e3o de Artigos para a Melhora da Diversidade<br \/><strong>Ediana da Silva de Souza (UDESC &#8211; Universidade do Estado de Santa Catarina), Daniel Lichtnow (Universidade Federal de Santa Maria), Isabela Gasparini (Universidade do Estado de Santa Catarina (UDESC))<\/strong><\/td><\/tr><tr><td>222817: An\u00e1lise do posicionamento dos usu\u00e1rios do Twitter acerca da Vacina\u00e7\u00e3o Infantil contra a COVID-19 no Brasil<br \/><strong>Douglas Vit\u00f3rio (Universidade Federal de Pernambuco), Hidelberg Albuquerque (UFRPE), Ellen Souza (UNIVERSIDADE FEDERAL RURAL DE PERNAMBUCO), Adriano Oliveira (Universidade Federal de Pernambuco), Flavia Barros (Universidade Federal de Pernambuco), Ricardo Prud\u00eancio (Universidade Federal de Pernambuco)<\/strong><\/td><\/tr><\/tbody><\/table><p>\u00a0<\/p><\/div>\n\t\t\t\t\t<\/div><div class=\"eael-accordion-list\">\n\t\t\t\t\t<div id=\"div-classrowdiv-classcol-3-horab-classdia04bb-classmesagostobb-classhora21430bdivdiv-classcol-7-t1b-classtipo1palestrabspan-classtitulocomputao-afetiva-na-web-b-classautordiogo-cortiz-puc-sp-e-nicbrbspandivdiv-classcol-2-fotoimg-srchttpscsbcsbcorgbr2022wp-contentuploads202206diogopng-divdiv\" class=\"elementor-tab-title eael-accordion-header\" tabindex=\"0\" data-tab=\"2\" aria-controls=\"elementor-tab-content-3702\"><span class=\"eael-accordion-tab-title\"><div class=\"row\"><div class=\"col-3 hora\"><b class=\"dia\">04<\/b><b class=\"mes\">Agosto<\/b><b class=\"hora2\">14:30<\/b><\/div><div class=\"col-7 t1\"><b class=\"tipo1\">PALESTRA<\/b><span class=\"titulo\">Computa\u00e7\u00e3o Afetiva na Web <b class=\"autor\">Diogo Cortiz (PUC-SP e NIC.br)<\/b><\/span><\/div><div class=\"col-2 foto\"><img decoding=\"async\" src=\"https:\/\/csbc.sbc.org.br\/2022\/wp-content\/uploads\/2022\/06\/diogo.png\"><\/div><\/div><\/span><i aria-hidden=\"true\" class=\"fa-toggle fas fa-angle-down\"><\/i><\/div><div id=\"elementor-tab-content-3702\" class=\"eael-accordion-content clearfix\" data-tab=\"2\" aria-labelledby=\"div-classrowdiv-classcol-3-horab-classdia04bb-classmesagostobb-classhora21430bdivdiv-classcol-7-t1b-classtipo1palestrabspan-classtitulocomputao-afetiva-na-web-b-classautordiogo-cortiz-puc-sp-e-nicbrbspandivdiv-classcol-2-fotoimg-srchttpscsbcsbcorgbr2022wp-contentuploads202206diogopng-divdiv\"><p>Nesta palestra iremos discutir sobre os conceitos de Computa\u00e7\u00e3o Afetiva, suas aplica\u00e7\u00f5es e limita\u00e7\u00f5es para o reconhecimento de emo\u00e7\u00f5es na Web. A partir de uma discuss\u00e3o sobre as diferentes teorias das emo\u00e7\u00f5es ser\u00e1 apresentada uma cartografia de classes emocionais mais refinadas em portugu\u00eas e estrat\u00e9gias de uso de Processamento de L\u00edngua Natural no contexto das redes sociais.<\/p><div class=\"bio\"><h3 class=\"nome\"><img loading=\"lazy\" decoding=\"async\" class=\"alignnone size-medium wp-image-5127\" src=\"https:\/\/csbc.sbc.org.br\/2022\/wp-content\/uploads\/2022\/06\/diogo.png\" alt=\"\" width=\"300\" height=\"293\" \/><br \/>Diogo Cortiz<\/h3><h4 class=\"nome\">PUC &#8211; SP e NIC.br<\/h4><p>Professor da PUC-SP e Pesquisador no Ceweb.br\/NIC.br. Doutor em Tecnologias da Intelig\u00eancia e Design Digital pela PUC-SP, com doutorado sandu\u00edche pela Universidade de Paris-Sorbonne. Realizou est\u00e1gio p\u00f3s-doutoral na Universidade de Salamanca, Espanha, e foi pesquisador visitante na Queen Mary University of London. Tem pesquisas na intersec\u00e7\u00e3o entre Ci\u00eancia Cognitiva, IA e Design.<\/p><\/div><\/div>\n\t\t\t\t\t<\/div><div class=\"eael-accordion-list\">\n\t\t\t\t\t<div id=\"div-classrowdiv-classcol-3-horab-classdia05bb-classmesagostobb-classhora20900bdivdiv-classcol-9-t1-stylepadding-top-30pximportantb-classtipo1-sesso-tcnicabspan-classtitulo-styleline-height25pxsesso-4b-classautorbspandivdiv\" class=\"elementor-tab-title eael-accordion-header\" tabindex=\"0\" data-tab=\"3\" aria-controls=\"elementor-tab-content-3703\"><span class=\"eael-accordion-tab-title\"><div class=\"row\"><div class=\"col-3 hora\"><b class=\"dia\">05<\/b><b class=\"mes\">Agosto<\/b><b class=\"hora2\">09:00<\/b><\/div><div class=\"col-9 t1\" style=\"padding-top: 30px!important\"><b class=\"tipo1\">SESS\u00c3O T\u00c9CNICA<\/b><span class=\"titulo\" style=\"line-height:25px\">Sess\u00e3o 4<b class=\"autor\"><\/b><\/span><\/div><\/div><\/span><i aria-hidden=\"true\" class=\"fa-toggle fas fa-angle-down\"><\/i><\/div><div id=\"elementor-tab-content-3703\" class=\"eael-accordion-content clearfix\" data-tab=\"3\" aria-labelledby=\"div-classrowdiv-classcol-3-horab-classdia05bb-classmesagostobb-classhora20900bdivdiv-classcol-9-t1-stylepadding-top-30pximportantb-classtipo1-sesso-tcnicabspan-classtitulo-styleline-height25pxsesso-4b-classautorbspandivdiv\"><table dir=\"ltr\"><colgroup><col \/><\/colgroup><tbody><tr><td>Bate-papo<br \/><strong>Eric Ara\u00fajo<\/strong><\/td><\/tr><tr><td>222842: BRIMO: uma Ferramenta para An\u00e1lise de Sentimentos<br \/><strong>Ot\u00e1vio Sales (Universidade Federal Rural de Pernambuco), Taciana Pontual Falc\u00e3o (Universidade Federal Rural de Pernambuco), George Valen\u00e7a (Universidade Federal Rural de Pernambuco), Ermeson Andrade (Universidade Federal Rural de Pernambuco)<\/strong><\/td><\/tr><tr><td>222954: WEAPON: Uma Arquitetura para Detec\u00e7\u00e3o de Anomalias de Comportamento do Usu\u00e1rio<br \/><strong>Andre Molina (Universidade de Bras\u00edlia), Vin\u00edcius Gon\u00e7alves (University of Brasilia), Rafael de Sousa Junior (University of Brasilia &#8211; Brazil), Felipe Giuntini (SIDIA Instituto de Ci\u00eancia e Tecnologia), Gustavo Pessin (Instituto Tecnol\u00f3gico Vale), Rodolfo Meneguette (Universidade de S\u00e3o Paulo), Geraldo Pereira (CiC &#8211; UnB)<\/strong><\/td><\/tr><tr><td>223365: An\u00e1lise da ontologia dos assuntos jur\u00eddicos e suas respectivas legisla\u00e7\u00f5es atrav\u00e9s de Redes Complexas<br \/><strong>Rilder Pires (Universidade de Fortaleza), Erneson Oliveira (Universidade de Fortaleza), Vitor Almeida (Universidade de Fortaleza), Joao Araujo Monteiro Neto (Unifor), Vasco Furtado (Universidade de Fortaleza &#8211; UNIFOR)<\/strong><\/td><\/tr><tr><td>222609: Estudo de M\u00e9todo de Extra\u00e7\u00e3o de Aspectos para Portugu\u00eas do Brasil Baseado em Regras<br \/><strong>Vanessa C\u00e2mara (Universidade do Estado do Amazonas), Tiago de Melo (Universidade do Estado do Amazonas)<\/strong><\/td><\/tr><\/tbody><\/table><\/div>\n\t\t\t\t\t<\/div><\/div>\t\t\t\t<\/div>\n\t\t\t\t<\/div>\n\t\t\t\t<div class=\"elementor-element elementor-element-9803738 elementor-widget elementor-widget-html\" data-id=\"9803738\" data-element_type=\"widget\" data-e-type=\"widget\" data-settings=\"{&quot;ekit_we_effect_on&quot;:&quot;none&quot;}\" data-widget_type=\"html.default\">\n\t\t\t\t<div class=\"elementor-widget-container\">\n\t\t\t\t\t\n<style>\n#sembox1 .fa-toggle{\n    color:transparent;\n}\n\n.bio{\n    background:#f0f0f0;\n    padding:20px;\n    text-align:justify;\n    margin-top:20px;\n}\np{text-align:justify;}\n.bio img{\n    border-radius:100px;\n    width:80px;\n    float:left;\n       border-radius:100px;\n       border-bottom: 5px solid #005943;\n       margin:0;\n       margin-right:20px;\n       margin-bottom:20px;\n}\n\n.bio p{\n    clear:both;\n    border-top:1px solid #ccc;\n    padding-top:15px;\n}\n\n.bio h3{\n    color:#005943;\n    font-size:20px;\n    padding-bottom:0;\n    margin-bottom:5px;\n}\n.bio h4{\n    font-size:15px;\n    color:#333;\n}\n.bio strong{display:block;border-top:1px solid #ccc;\n    clear:both;\n    padding-top:10px;\n    margin-top:20px;\n}\n.nome{}\n.mes{\n    display:block;\n    font-weight: 400;\n    font-size:13px;\n    padding-bottom: 5px\n}\n.dia{\n    font-size:40px;\n    font-weight: bold\n}\n.hora2{\n    font-weight: 400;\n}\n .hora{\n     font-weight: 400;\n\n    margin-left: 12px;\ntext-align:center;\nborder: 1px solid #005943;\npadding-top:20px;\ncolor:#005943;\nmax-width:20%!important;\nbackground:#fff;\npadding-bottom:30px;\n }\n .titulo{\n\ndisplay:block; \npadding-top:11px;\n font-size:15px;\n     line-height: 17px\n }\n\n.t1{padding-right:0;\n    padding-top:10px;\n}\n.autor{\n    display:block;\n    color:#005943;\n    padding-top:5px;\n    font-size:13px;\n}\n.foto{\n    padding:10px;\n \n}\n.foto img{\n       border-radius:100px;\n       border-bottom: 5px solid #005943;\n}\n.tipo1{\n    \nfont-size:11px;    \nbackground:#005943;\ncolor:#fff;\npadding:3px 7px;\nborder-radius:50px;\nfont-weight: 400;\n;\nmargin-bottom:8px;\n}\n\ntd{    padding: 10px 10px;\n    border: 1px solid #f1f1f1;\n    border-bottom: 0;\n    border-left: 0;\n    background: #f2f2f2!important;\n    margin-top: 8px;\n    display: block;\n \n    border-left: 3px solid #005943!important;\n    border-radius: 50p;\n    color: #000;}\n    \n    td b, td strong{\n    color:#005943;\n    font-size:12px;\n} \n<\/style>\t\t\t\t<\/div>\n\t\t\t\t<\/div>\n\t\t\t\t<div class=\"elementor-element elementor-element-b58a292 elementor-widget elementor-widget-html\" data-id=\"b58a292\" data-element_type=\"widget\" data-e-type=\"widget\" id=\"sobre\" data-settings=\"{&quot;ekit_we_effect_on&quot;:&quot;none&quot;}\" data-widget_type=\"html.default\">\n\t\t\t\t<div class=\"elementor-widget-container\">\n\t\t\t\t\t<h2 class=\"section-title\" style=\"font-size:40px\">\n            <span class=\"sub-title\"><\/span>\n\t\t\t\n<em class=\"title-bar-shap\">Sobre o evento<\/em>\n        <\/h2>\t\t\t\t<\/div>\n\t\t\t\t<\/div>\n\t\t\t\t<div class=\"elementor-element elementor-element-41e4e45 elementor-widget elementor-widget-text-editor\" data-id=\"41e4e45\" data-element_type=\"widget\" data-e-type=\"widget\" data-settings=\"{&quot;ekit_we_effect_on&quot;:&quot;none&quot;}\" data-widget_type=\"text-editor.default\">\n\t\t\t\t<div class=\"elementor-widget-container\">\n\t\t\t\t\t\t\t\t\t<p><span style=\"font-weight: 400;\">O <\/span><a href=\"https:\/\/sites.google.com\/view\/brasnam2022\/\"><span style=\"font-weight: 400;\">XI Workshop Brasileiro de An\u00e1lise de Redes Sociais e Minera\u00e7\u00e3o (BraSNAM 2022)<\/span><\/a><span style=\"font-weight: 400;\"> ser\u00e1 realizado em conjunto com o CSBC (Congresso da Sociedade Brasileira de Computa\u00e7\u00e3o), que oferece uma oportunidade valiosa para grupos multidisciplinares se reunirem e se envolverem em ricas discuss\u00f5es sobre t\u00f3picos relacionados a an\u00e1lise de redes sociais. Em 2022, o CSBC ser\u00e1 organizado pela UFF, em Niter\u00f3i, Brasil.<\/span><\/p><p><span style=\"font-weight: 400;\">O estudo das redes sociais teve origem nas comunidades sociais, educacionais e empresariais, com melhor sustenta\u00e7\u00e3o te\u00f3rica a partir da d\u00e9cada de 1940. Hoje, o uso crescente da Web e das m\u00eddias sociais promove a intera\u00e7\u00e3o entre as pessoas, a dissemina\u00e7\u00e3o de dados e o compartilhamento de informa\u00e7\u00f5es. Com a crescente disponibilidade de dados (fornecidos por pessoas e suas intera\u00e7\u00f5es, logs e servidores da web), existem oportunidades para avaliar e desenvolver t\u00e9cnicas para melhorar as redes sociais e as informa\u00e7\u00f5es em muitos contextos. Consequentemente, as an\u00e1lises e t\u00e9cnicas de redes sociais definiram campos de pesquisa frut\u00edferos na academia, pol\u00edtica, seguran\u00e7a, neg\u00f3cios, marketing, ci\u00eancias e muitos outros.<\/span><\/p><p><span style=\"font-weight: 400;\">O BraSNAM 2022 oferece um espa\u00e7o interdisciplinar para reunir profissionais e pesquisadores de redes sociais e seus campos relacionados, para promover a colabora\u00e7\u00e3o e troca de ideias e pr\u00e1ticas.<\/span><\/p>\t\t\t\t\t\t\t\t<\/div>\n\t\t\t\t<\/div>\n\t\t\t\t<div class=\"elementor-element elementor-element-bc32169 elementor-widget elementor-widget-video\" data-id=\"bc32169\" data-element_type=\"widget\" data-e-type=\"widget\" data-settings=\"{&quot;video_type&quot;:&quot;hosted&quot;,&quot;show_image_overlay&quot;:&quot;yes&quot;,&quot;image_overlay&quot;:{&quot;url&quot;:&quot;https:\\\/\\\/csbc.sbc.org.br\\\/2022\\\/wp-content\\\/uploads\\\/2022\\\/02\\\/BraSNAM.png&quot;,&quot;id&quot;:3899,&quot;size&quot;:&quot;&quot;},&quot;controls&quot;:&quot;yes&quot;,&quot;ekit_we_effect_on&quot;:&quot;none&quot;}\" data-widget_type=\"video.default\">\n\t\t\t\t<div class=\"elementor-widget-container\">\n\t\t\t\t\t\t\t<div class=\"e-hosted-video elementor-wrapper elementor-open-inline\">\n\t\t\t\t\t<video class=\"elementor-video\" src=\"https:\/\/csbc.sbc.org.br\/2022\/wp-content\/uploads\/2022\/02\/BraSNAM.mp4\" controls=\"\" preload=\"metadata\" controlsList=\"nodownload\"><\/video>\n\t\t\t\t\t\t<div class=\"elementor-custom-embed-image-overlay\" style=\"background-image: url(https:\/\/csbc.sbc.org.br\/2022\/wp-content\/uploads\/2022\/02\/BraSNAM.png);\">\n\t\t\t\t\t\t\t\t\t\t\t\t\t\t\t\t<div class=\"elementor-custom-embed-play\" role=\"button\" aria-label=\"Reproduzir v\u00eddeo\" tabindex=\"0\">\n\t\t\t\t\t\t\t<i aria-hidden=\"true\" class=\"eicon-play\"><\/i>\t\t\t\t\t\t<\/div>\n\t\t\t\t\t\t\t\t\t<\/div>\n\t\t\t\t\t<\/div>\n\t\t\t\t\t\t<\/div>\n\t\t\t\t<\/div>\n\t\t\t\t<div class=\"elementor-element elementor-element-e2c3aa2 elementor-widget elementor-widget-html\" data-id=\"e2c3aa2\" data-element_type=\"widget\" data-e-type=\"widget\" id=\"chamada\" data-settings=\"{&quot;ekit_we_effect_on&quot;:&quot;none&quot;}\" data-widget_type=\"html.default\">\n\t\t\t\t<div class=\"elementor-widget-container\">\n\t\t\t\t\t<h2 class=\"section-title\" style=\"font-size:40px\">\n            <span class=\"sub-title\"><\/span>\n\t\t\t\n<em class=\"title-bar-shap\">Chamada de Trabalhos<\/em>\n        <\/h2>\t\t\t\t<\/div>\n\t\t\t\t<\/div>\n\t\t\t\t<div class=\"elementor-element elementor-element-da3186f elementor-widget elementor-widget-text-editor\" data-id=\"da3186f\" data-element_type=\"widget\" data-e-type=\"widget\" data-settings=\"{&quot;ekit_we_effect_on&quot;:&quot;none&quot;}\" data-widget_type=\"text-editor.default\">\n\t\t\t\t<div class=\"elementor-widget-container\">\n\t\t\t\t\t\t\t\t\t<p><span style=\"font-weight: 400;\">O estudo das redes sociais teve origem nas comunidades sociais, educacionais e empresariais, com melhor suporte te\u00f3rico a partir da d\u00e9cada de 1940. Hoje, o uso crescente da Web e das m\u00eddias sociais promove a intera\u00e7\u00e3o entre as pessoas, a dissemina\u00e7\u00e3o de dados e o compartilhamento de informa\u00e7\u00f5es. Com a crescente disponibilidade de dados (fornecidos por pessoas e sua intera\u00e7\u00e3o, logs e servidores web), existem oportunidades para avaliar e desenvolver t\u00e9cnicas para melhorar as redes sociais e informa\u00e7\u00f5es em muitos contextos. Consequentemente, as an\u00e1lises e t\u00e9cnicas de redes sociais definiram campos de pesquisa frut\u00edferos na academia, pol\u00edtica, seguran\u00e7a, neg\u00f3cios, marketing, ci\u00eancias e muitos outros.<\/span><\/p><p><span style=\"font-weight: 400;\">O BraSNAM 2022 fornece um espa\u00e7o interdisciplinar para reunir profissionais e pesquisadores de redes sociais e seus campos relacionados, para promover a colabora\u00e7\u00e3o e troca de ideias e pr\u00e1ticas.<\/span><\/p>\t\t\t\t\t\t\t\t<\/div>\n\t\t\t\t<\/div>\n\t\t\t\t<div class=\"elementor-element elementor-element-2b1ca02 elementor-widget elementor-widget-html\" data-id=\"2b1ca02\" data-element_type=\"widget\" data-e-type=\"widget\" id=\"topicos\" data-settings=\"{&quot;ekit_we_effect_on&quot;:&quot;none&quot;}\" data-widget_type=\"html.default\">\n\t\t\t\t<div class=\"elementor-widget-container\">\n\t\t\t\t\t<h2 class=\"section-title\" style=\"font-size:40px\">\n            <span class=\"sub-title\"><\/span>\n\t\t\t\n<em class=\"title-bar-shap\">T\u00f3picos de interesse<\/em>\n        <\/h2>\t\t\t\t<\/div>\n\t\t\t\t<\/div>\n\t\t\t\t<div class=\"elementor-element elementor-element-286991b elementor-widget elementor-widget-text-editor\" data-id=\"286991b\" data-element_type=\"widget\" data-e-type=\"widget\" data-settings=\"{&quot;ekit_we_effect_on&quot;:&quot;none&quot;}\" data-widget_type=\"text-editor.default\">\n\t\t\t\t<div class=\"elementor-widget-container\">\n\t\t\t\t\t\t\t\t\t<p><span style=\"font-weight: 400;\">Os t\u00f3picos de interesse do BraSNAM incluem, mas n\u00e3o est\u00e3o limitados a:<\/span><\/p><ul><li style=\"font-weight: 400;\" aria-level=\"1\"><b>Ciclo de vida de dados e informa\u00e7\u00f5es sociais:<\/b><span style=\"font-weight: 400;\"> extra\u00e7\u00e3o, limpeza, modelagem, consulta, indexa\u00e7\u00e3o, incorpora\u00e7\u00e3o, recursos e m\u00e9tricas, transforma\u00e7\u00e3o, compacta\u00e7\u00e3o e resumo, integra\u00e7\u00e3o, gerenciamento, armazenamento, caracteriza\u00e7\u00e3o, an\u00e1lise, minera\u00e7\u00e3o, aprendizagem, amostragem, monitoramento, preserva\u00e7\u00e3o de privacidade, navega\u00e7\u00e3o e visualiza\u00e7\u00e3o e evolu\u00e7\u00e3o.<\/span><\/li><li style=\"font-weight: 400;\" aria-level=\"1\"><b>Redes Sociais e de Informa\u00e7\u00e3o Aspectos humanos:<\/b><span style=\"font-weight: 400;\"> crowdsourcing e crowdfunding, quest\u00f5es \u00e9ticas, justi\u00e7a e preconceito, spam, desinforma\u00e7\u00e3o, atividades maliciosas, comunidades, detec\u00e7\u00e3o e propaga\u00e7\u00e3o de influ\u00eancia, epidemiologia, capital social, modelagem de comportamento do usu\u00e1rio, comportamento organizacional e de grupo, computa\u00e7\u00e3o cognitiva, reputa\u00e7\u00e3o, identifica\u00e7\u00e3o de confian\u00e7a e expertise e forma\u00e7\u00e3o de equipe.<\/span><\/li><li style=\"font-weight: 400;\" aria-level=\"1\"><b>Redes Sociais e de Informa\u00e7\u00e3o no Contexto:<\/b><span style=\"font-weight: 400;\"> medicina, ci\u00eancias, crime e investiga\u00e7\u00e3o forense, educa\u00e7\u00e3o, cultura, pesquisa e academia, governo e pol\u00edtica, economia, sa\u00fade e bem-estar, marketing, neg\u00f3cios, gest\u00e3o, humanidades digitais e ecossistemas de software.<\/span><\/li><li style=\"font-weight: 400;\" aria-level=\"1\"><b>T\u00e9cnicas de Redes Sociais e de Informa\u00e7\u00e3o:<\/b><span style=\"font-weight: 400;\"> big data, fluxo e difus\u00e3o, interface, previs\u00e3o de link, simula\u00e7\u00e3o e evolu\u00e7\u00e3o, engajamento e gamifica\u00e7\u00e3o, an\u00e1lise de sentimento e opini\u00e3o, classifica\u00e7\u00e3o, recomenda\u00e7\u00e3o, recupera\u00e7\u00e3o, identifica\u00e7\u00e3o de tend\u00eancia, rastreamento e previs\u00e3o.<\/span><\/li><li><b>Redes Sociais e de Informa\u00e7\u00e3o Especializadas:<\/b><span style=\"font-weight: 400;\"> redes secretas e <\/span><i><span style=\"font-weight: 400;\">dark web<\/span><\/i><span style=\"font-weight: 400;\">, redes sociais com reconhecimento de localiza\u00e7\u00e3o e mobilidade, redes profissionais, sensores multim\u00eddia m\u00f3veis e inteligentes e novos aplicativos.<\/span><\/li><\/ul>\t\t\t\t\t\t\t\t<\/div>\n\t\t\t\t<\/div>\n\t\t\t\t<div class=\"elementor-element elementor-element-1678142 elementor-widget elementor-widget-html\" data-id=\"1678142\" data-element_type=\"widget\" data-e-type=\"widget\" id=\"submissao\" data-settings=\"{&quot;ekit_we_effect_on&quot;:&quot;none&quot;}\" data-widget_type=\"html.default\">\n\t\t\t\t<div class=\"elementor-widget-container\">\n\t\t\t\t\t<h2 class=\"section-title\" style=\"font-size:40px\">\n            <span class=\"sub-title\"><\/span>\n\t\t\t\n<em class=\"title-bar-shap\">Instru\u00e7\u00f5es para submiss\u00e3o\n<\/em>\n        <\/h2>\t\t\t\t<\/div>\n\t\t\t\t<\/div>\n\t\t\t\t<div class=\"elementor-element elementor-element-742dd69 elementor-widget elementor-widget-text-editor\" data-id=\"742dd69\" data-element_type=\"widget\" data-e-type=\"widget\" data-settings=\"{&quot;ekit_we_effect_on&quot;:&quot;none&quot;}\" data-widget_type=\"text-editor.default\">\n\t\t\t\t<div class=\"elementor-widget-container\">\n\t\t\t\t\t\t\t\t\t<p><span style=\"font-weight: 400;\">O workshop aceita submiss\u00f5es de artigos completos e resumidos, redigidos em portugu\u00eas ou ingl\u00eas, n\u00e3o excedendo 12 ou 6 p\u00e1ginas. Artigos de pesquisa, ferramentas \/ aplicativos (ferramentas de demonstra\u00e7\u00e3o) ou descri\u00e7\u00e3o de conjuntos de dados podem ser submetidos como artigos completos ou curtos. Os documentos de posicionamento e os trabalhos em andamento devem ser apresentados como artigos curtos. As submiss\u00f5es devem seguir o C\u00f3digo de Conduta para Publica\u00e7\u00f5es da Sociedade Brasileira de Computa\u00e7\u00e3o (SBC). As inscri\u00e7\u00f5es devem seguir o template da Sociedade Brasileira de Computa\u00e7\u00e3o (SBC), que est\u00e1 dispon\u00edvel em <\/span><a href=\"http:\/\/tinyurl.com\/sbc-template-artigos\"><span style=\"font-weight: 400;\">http:\/\/tinyurl.com\/sbc-template-artigos<\/span><\/a><span style=\"font-weight: 400;\">.<\/span><\/p><p><span style=\"font-weight: 400;\">Todos os artigos (completos e curtos) ser\u00e3o revisados \u200b\u200bpor pares de acordo com os seguintes crit\u00e9rios: adequa\u00e7\u00e3o ao escopo do workshop, relev\u00e2ncia, qualidade t\u00e9cnica, clareza, originalidade e avalia\u00e7\u00e3o dos resultados. A avalia\u00e7\u00e3o dos resultados \u00e9 desejada, mas n\u00e3o \u00e9 uma pr\u00e9-condi\u00e7\u00e3o para a apresenta\u00e7\u00e3o. Todos os artigos t\u00e9cnicos ser\u00e3o apresentados durante o workshop.<\/span><\/p><p><span style=\"font-weight: 400;\">No caso de artigo de dataset, os autores devem seguir o \u201cDataset Paper Format\u201d que inclui: um dataset ou um grupo de datasets, metadados que descrevem o conte\u00fado, qualidade e estrutura, aplica\u00e7\u00f5es potenciais e m\u00e9todos empregados para a coleta de dados. Estat\u00edsticas descritivas podem ser inclu\u00eddas nos metadados (an\u00e1lises mais sofisticadas devem fazer parte da submiss\u00e3o de artigos t\u00e9cnicos). Os autores s\u00e3o encorajados a incluir uma descri\u00e7\u00e3o de como pretendem fazer seus conjuntos de dados FAIR. Conjuntos de dados e metadados aceitos devem ser publicados usando um servi\u00e7o de compartilhamento de conjunto de dados (por exemplo, Zenodo, figshare, datorium, dataverse ou qualquer outro servi\u00e7o de compartilhamento de conjunto de dados que indexa seu conjunto de dados e metadados e aumenta a capacidade dos dados serem reencontrados) que fornece um DOI para o conjunto de dados, o qual deve ser inclu\u00eddo na submiss\u00e3o do trabalho do conjunto de dados. SOMENTE a revis\u00e3o do artigo do conjunto de dados ser\u00e1 cega, e todos os conjuntos de dados devem ser identificados e carregados no momento do envio. Por favor, tenha cuidado com informa\u00e7\u00f5es\/dados privados ou confidenciais. Os autores ser\u00e3o respons\u00e1veis \u200b\u200bpor qualquer informa\u00e7\u00e3o sens\u00edvel nos conjuntos de dados. Por favor, leia as instru\u00e7\u00f5es cuidadosamente no <\/span><a href=\"https:\/\/sites.google.com\/view\/brasnam2022\/submission\/dataset-guidelines?authuser=0\"><span style=\"font-weight: 400;\">BraSNAM 2022 Dataset Submission Guidelines<\/span><\/a><span style=\"font-weight: 400;\">.<\/span><\/p><p><span style=\"font-weight: 400;\">*** As inscri\u00e7\u00f5es passar\u00e3o por um processo de revis\u00e3o duplo-cego com pelo menos tr\u00eas revisores. Portanto, os nomes dos autores e informa\u00e7\u00f5es de contato devem ser omitidos em todo o envio. SOMENTE os envios de conjuntos de dados passar\u00e3o por uma revis\u00e3o cega e todos os conjuntos de dados devem ser identificados e carregados no momento do envio. Para mais informa\u00e7\u00f5es sobre como produzir uma submiss\u00e3o an\u00f4nima, acesse <\/span><a href=\"http:\/\/bit.ly\/submissao-anonima\"><span style=\"font-weight: 400;\">http:\/\/bit.ly\/submissao-anonima<\/span><\/a><span style=\"font-weight: 400;\"> (somente em portugu\u00eas). ***<\/span><\/p><p><span style=\"font-weight: 400;\">Os autores devem identificar o(s) t\u00f3pico(s) tratado(s) no artigo para auxiliar o comit\u00ea do programa no processo de revis\u00e3o. Os artigos selecionados ser\u00e3o publicados em uma edi\u00e7\u00e3o especial do <\/span><a href=\"https:\/\/periodicos.ufmg.br\/index.php\/jidm\"><span style=\"font-weight: 400;\">JIDM &#8211; Journal of Information and Data Managemen<\/span><\/a><span style=\"font-weight: 400;\">t. Cada artigo deve ser submetido eletronicamente, em arquivo PDF, atrav\u00e9s do site de submiss\u00e3o do JEMS (<\/span><a href=\"https:\/\/jems.sbc.org.br\/home.cgi?c=4016\"><span style=\"font-weight: 400;\">https:\/\/jems.sbc.org.br\/home.cgi?c=4016<\/span><\/a><span style=\"font-weight: 400;\">).<\/span><\/p>\t\t\t\t\t\t\t\t<\/div>\n\t\t\t\t<\/div>\n\t\t\t\t<div class=\"elementor-element elementor-element-faec033 elementor-widget elementor-widget-html\" data-id=\"faec033\" data-element_type=\"widget\" data-e-type=\"widget\" id=\"datasimportantes\" data-settings=\"{&quot;ekit_we_effect_on&quot;:&quot;none&quot;}\" data-widget_type=\"html.default\">\n\t\t\t\t<div class=\"elementor-widget-container\">\n\t\t\t\t\t<h2 class=\"section-title\" style=\"font-size:40px\">\n            <span class=\"sub-title\"><\/span>\n\t\t\t\n<em class=\"title-bar-shap\">Datas Importantes\n<\/em>\n        <\/h2>\t\t\t\t<\/div>\n\t\t\t\t<\/div>\n\t\t\t\t<div class=\"elementor-element elementor-element-f3e750f elementor-widget elementor-widget-text-editor\" data-id=\"f3e750f\" data-element_type=\"widget\" data-e-type=\"widget\" data-settings=\"{&quot;ekit_we_effect_on&quot;:&quot;none&quot;}\" data-widget_type=\"text-editor.default\">\n\t\t\t\t<div class=\"elementor-widget-container\">\n\t\t\t\t\t\t\t\t\t<ul><li style=\"font-weight: 400;\" aria-level=\"1\"><span style=\"font-weight: 400;\">Limite para submiss\u00e3o dos trabalhos: <s>15\/03<\/s> <s>31\/03<\/s> 07\/04 (final)<\/span><\/li><li style=\"font-weight: 400;\" aria-level=\"1\"><span style=\"font-weight: 400;\">Divulga\u00e7\u00e3o dos resultados: <s>06\/05<\/s> 10\/05<\/span><\/li><li style=\"font-weight: 400;\" aria-level=\"1\"><span style=\"font-weight: 400;\">Envio das vers\u00f5es finais dos artigos: 20\/05<\/span><\/li><li style=\"font-weight: 400;\" aria-level=\"1\"><span style=\"font-weight: 400;\">Prazo de Inscri\u00e7\u00e3o dos autores: 20\/05<\/span><\/li><\/ul>\t\t\t\t\t\t\t\t<\/div>\n\t\t\t\t<\/div>\n\t\t\t\t<div class=\"elementor-element elementor-element-aef3134 elementor-widget elementor-widget-html\" data-id=\"aef3134\" data-element_type=\"widget\" data-e-type=\"widget\" id=\"inscricaoautores\" data-settings=\"{&quot;ekit_we_effect_on&quot;:&quot;none&quot;}\" data-widget_type=\"html.default\">\n\t\t\t\t<div class=\"elementor-widget-container\">\n\t\t\t\t\t<h2 class=\"section-title\" style=\"font-size:40px\">\n            <span class=\"sub-title\"><\/span>\n\t\t\t\n<em class=\"title-bar-shap\">Inscri\u00e7\u00e3o de autores\n<\/em>\n        <\/h2>\t\t\t\t<\/div>\n\t\t\t\t<\/div>\n\t\t\t\t<div class=\"elementor-element elementor-element-7b4c8c4 elementor-widget elementor-widget-text-editor\" data-id=\"7b4c8c4\" data-element_type=\"widget\" data-e-type=\"widget\" data-settings=\"{&quot;ekit_we_effect_on&quot;:&quot;none&quot;}\" data-widget_type=\"text-editor.default\">\n\t\t\t\t<div class=\"elementor-widget-container\">\n\t\t\t\t\t\t\t\t\t<p><span style=\"font-weight: 400;\">Para que um artigo aceito seja apresentado e inclu\u00eddo nos anais do evento, \u00e9 necess\u00e1rio que ao menos um dos autores do artigo realize a sua inscri\u00e7\u00e3o no evento na categoria profissional. Cada inscri\u00e7\u00e3o na categoria profissional d\u00e1 direito \u00e0 publica\u00e7\u00e3o de um \u00fanico artigo, considerando qualquer um dos eventos-base ou eventos-sat\u00e9lite do CSBC. Autores com mais de um artigo aprovado em qualquer evento do CSBC dever\u00e3o pagar uma \u201ctaxa de publica\u00e7\u00e3o\u201d por artigo adicional. O valor dessa taxa pode ser visto na p\u00e1gina de inscri\u00e7\u00f5es do CSBC 2022.<\/span><\/p>\t\t\t\t\t\t\t\t<\/div>\n\t\t\t\t<\/div>\n\t\t\t\t<div class=\"elementor-element elementor-element-5e27140 elementor-widget elementor-widget-html\" data-id=\"5e27140\" data-element_type=\"widget\" data-e-type=\"widget\" id=\"publicacao\" data-settings=\"{&quot;ekit_we_effect_on&quot;:&quot;none&quot;}\" data-widget_type=\"html.default\">\n\t\t\t\t<div class=\"elementor-widget-container\">\n\t\t\t\t\t<h2 class=\"section-title\" style=\"font-size:40px\">\n            <span class=\"sub-title\"><\/span>\n\t\t\t\n<em class=\"title-bar-shap\">Publica\u00e7\u00e3o de trabalhos\n\n<\/em>\n        <\/h2>\t\t\t\t<\/div>\n\t\t\t\t<\/div>\n\t\t\t\t<div class=\"elementor-element elementor-element-d9ec04d elementor-widget elementor-widget-text-editor\" data-id=\"d9ec04d\" data-element_type=\"widget\" data-e-type=\"widget\" data-settings=\"{&quot;ekit_we_effect_on&quot;:&quot;none&quot;}\" data-widget_type=\"text-editor.default\">\n\t\t\t\t<div class=\"elementor-widget-container\">\n\t\t\t\t\t\t\t\t\t<p><span style=\"font-weight: 400;\">Os artigos aceitos ser\u00e3o publicados na SBC Open Lib, a biblioteca digital da SBC, na s\u00e9rie Anais <\/span><span style=\"font-weight: 400;\">Brazilian Workshop on Social Network Analysis and Mining (BraSNAM)<\/span><span style=\"font-weight: 400;\">, ISSN <\/span><span style=\"font-weight: 400;\">2595-6094<\/span><span style=\"font-weight: 400;\">, dispon\u00edvel em https:\/\/sol.sbc.org.br\/index.php\/brasnam. Todos os artigos ser\u00e3o indexados com DOI<\/span><span style=\"font-weight: 400;\">.<\/span><\/p>\t\t\t\t\t\t\t\t<\/div>\n\t\t\t\t<\/div>\n\t\t\t\t<div class=\"elementor-element elementor-element-fa4ef19 elementor-widget elementor-widget-html\" data-id=\"fa4ef19\" data-element_type=\"widget\" data-e-type=\"widget\" id=\"apresentacao\" data-settings=\"{&quot;ekit_we_effect_on&quot;:&quot;none&quot;}\" data-widget_type=\"html.default\">\n\t\t\t\t<div class=\"elementor-widget-container\">\n\t\t\t\t\t<h2 class=\"section-title\" style=\"font-size:40px\">\n            <span class=\"sub-title\"><\/span>\n\t\t\t\n<em class=\"title-bar-shap\">Instru\u00e7\u00f5es para Apresenta\u00e7\u00e3o\n\n\n<\/em>\n        <\/h2>\t\t\t\t<\/div>\n\t\t\t\t<\/div>\n\t\t\t\t<div class=\"elementor-element elementor-element-2ced1d3 elementor-widget elementor-widget-text-editor\" data-id=\"2ced1d3\" data-element_type=\"widget\" data-e-type=\"widget\" data-settings=\"{&quot;ekit_we_effect_on&quot;:&quot;none&quot;}\" data-widget_type=\"text-editor.default\">\n\t\t\t\t<div class=\"elementor-widget-container\">\n\t\t\t\t\t\t\t\t\t<p><span style=\"font-weight: 400;\">Os artigos completos ser\u00e3o apresentados nas sess\u00f5es t\u00e9cnicas do BraSNAM 2022. Artigos curtos aceitos, ferramentas\/aplica\u00e7\u00f5es e conjunto de dados tamb\u00e9m ser\u00e3o publicados nos anais do workshop e ser\u00e3o apresentados como p\u00f4steres. Haver\u00e1 uma sess\u00e3o de demonstra\u00e7\u00e3o da ferramenta.<\/span><\/p>\t\t\t\t\t\t\t\t<\/div>\n\t\t\t\t<\/div>\n\t\t\t\t<div class=\"elementor-element elementor-element-76005d4 elementor-widget elementor-widget-html\" data-id=\"76005d4\" data-element_type=\"widget\" data-e-type=\"widget\" id=\"premiacoes\" data-settings=\"{&quot;ekit_we_effect_on&quot;:&quot;none&quot;}\" data-widget_type=\"html.default\">\n\t\t\t\t<div class=\"elementor-widget-container\">\n\t\t\t\t\t<h2 class=\"section-title\" style=\"font-size:40px\">\n            <span class=\"sub-title\"><\/span>\n\t\t\t\n<em class=\"title-bar-shap\">Premia\u00e7\u00f5es\n<\/em>\n        <\/h2>\t\t\t\t<\/div>\n\t\t\t\t<\/div>\n\t\t\t\t<div class=\"elementor-element elementor-element-021b4be elementor-widget elementor-widget-text-editor\" data-id=\"021b4be\" data-element_type=\"widget\" data-e-type=\"widget\" data-settings=\"{&quot;ekit_we_effect_on&quot;:&quot;none&quot;}\" data-widget_type=\"text-editor.default\">\n\t\t\t\t<div class=\"elementor-widget-container\">\n\t\t\t\t\t\t\t\t\t<p><span style=\"font-weight: 400;\">O BraSNAM 2022 ter\u00e1 os seguintes pr\u00eamios, que ser\u00e3o divulgados durante o evento: Full Paper, Short Paper e Dataset Paper.<\/span><\/p><p><span style=\"font-weight: 400;\">Selecionaremos os trabalhos de destaque em cada categoria. Os pr\u00eamios ser\u00e3o conferidos ao(s) autor(es) de um artigo apresentado no congresso. O crit\u00e9rio de decis\u00e3o levar\u00e1 em considera\u00e7\u00e3o tanto a qualidade do artigo quanto a qualidade da apresenta\u00e7\u00e3o oral.<\/span><\/p><p><span style=\"font-weight: 400;\">Os artigos premiados completos e de conjuntos de dados submetidos ao BraSNAM ser\u00e3o convidados a enviar uma vers\u00e3o estendida e revisada para o iSys &#8211; Revista Brasileira de Sistemas de Informa\u00e7\u00e3o (artigos completos) e JIDM &#8211; Jornal de Gerenciamento de Informa\u00e7\u00e3o e Dados (artigos de conjuntos de dados).<\/span><\/p>\t\t\t\t\t\t\t\t<\/div>\n\t\t\t\t<\/div>\n\t\t\t\t<div class=\"elementor-element elementor-element-e9e32c5 elementor-widget elementor-widget-html\" data-id=\"e9e32c5\" data-element_type=\"widget\" data-e-type=\"widget\" id=\"organizacao\" data-settings=\"{&quot;ekit_we_effect_on&quot;:&quot;none&quot;}\" data-widget_type=\"html.default\">\n\t\t\t\t<div class=\"elementor-widget-container\">\n\t\t\t\t\t<h2 class=\"section-title\" style=\"font-size:40px\">\n            <span class=\"sub-title\"><\/span>\n\t\t\t\n<em class=\"title-bar-shap\">Organiza\u00e7\u00e3o\n<\/em>\n        <\/h2>\t\t\t\t<\/div>\n\t\t\t\t<\/div>\n\t\t\t\t<div class=\"elementor-element elementor-element-f9e9f8b elementor-widget elementor-widget-text-editor\" data-id=\"f9e9f8b\" data-element_type=\"widget\" data-e-type=\"widget\" data-settings=\"{&quot;ekit_we_effect_on&quot;:&quot;none&quot;}\" data-widget_type=\"text-editor.default\">\n\t\t\t\t<div class=\"elementor-widget-container\">\n\t\t\t\t\t\t\t\t\t<p><strong>Coordena\u00e7\u00e3o<\/strong><\/p><p>Rodrigo Salvador Monteiro (UFF)<br \/><em>salvador@ic.uff.br<\/em><\/p><p>Michelle Wangham (UNIVALI)<br \/><em>wangham@univali.br<\/em><\/p>\t\t\t\t\t\t\t\t<\/div>\n\t\t\t\t<\/div>\n\t\t\t\t<div class=\"elementor-element elementor-element-c81061d elementor-widget elementor-widget-html\" data-id=\"c81061d\" data-element_type=\"widget\" data-e-type=\"widget\" id=\"contato\" data-settings=\"{&quot;ekit_we_effect_on&quot;:&quot;none&quot;}\" data-widget_type=\"html.default\">\n\t\t\t\t<div class=\"elementor-widget-container\">\n\t\t\t\t\t<h2 class=\"section-title\" style=\"font-size:40px\">\n            <span class=\"sub-title\"><\/span>\n\t\t\t\n<em class=\"title-bar-shap\">Contato\n<\/em>\n        <\/h2>\t\t\t\t<\/div>\n\t\t\t\t<\/div>\n\t\t\t\t<div class=\"elementor-element elementor-element-ec7c136 elementor-widget elementor-widget-text-editor\" data-id=\"ec7c136\" data-element_type=\"widget\" data-e-type=\"widget\" data-settings=\"{&quot;ekit_we_effect_on&quot;:&quot;none&quot;}\" data-widget_type=\"text-editor.default\">\n\t\t\t\t<div class=\"elementor-widget-container\">\n\t\t\t\t\t\t\t\t\t<p>Eric Fernandes de Mello Ara\u00fajo <br \/>eric@ufla.br<br \/>Michele Amaral Brand\u00e3o<br \/>michele.brandao@ifmg.edu.br<\/p>\t\t\t\t\t\t\t\t<\/div>\n\t\t\t\t<\/div>\n\t\t\t\t\t<\/div>\n\t\t<\/div>\n\t\t\t\t<div class=\"elementor-column elementor-col-50 elementor-top-column elementor-element elementor-element-0fdcb1b\" data-id=\"0fdcb1b\" data-element_type=\"column\" data-e-type=\"column\" id=\"menuside\">\n\t\t\t<div class=\"elementor-widget-wrap elementor-element-populated\">\n\t\t\t\t\t\t<div class=\"elementor-element elementor-element-7d0531d elementor-widget elementor-widget-heading\" data-id=\"7d0531d\" data-element_type=\"widget\" data-e-type=\"widget\" data-settings=\"{&quot;ekit_we_effect_on&quot;:&quot;none&quot;}\" data-widget_type=\"heading.default\">\n\t\t\t\t<div class=\"elementor-widget-container\">\n\t\t\t\t\t<h2 class=\"elementor-heading-title elementor-size-default\">Menu<\/h2>\t\t\t\t<\/div>\n\t\t\t\t<\/div>\n\t\t\t\t<div class=\"elementor-element elementor-element-50795b8 elementor-align-left elementor-widget elementor-widget-button\" data-id=\"50795b8\" data-element_type=\"widget\" data-e-type=\"widget\" data-settings=\"{&quot;ekit_we_effect_on&quot;:&quot;none&quot;}\" data-widget_type=\"button.default\">\n\t\t\t\t<div class=\"elementor-widget-container\">\n\t\t\t\t\t\t\t\t\t<div class=\"elementor-button-wrapper\">\n\t\t\t\t\t<a class=\"elementor-button elementor-button-link elementor-size-sm\" href=\"#programacao\">\n\t\t\t\t\t\t<span class=\"elementor-button-content-wrapper\">\n\t\t\t\t\t\t\t\t\t<span class=\"elementor-button-text\">Programa\u00e7\u00e3o<\/span>\n\t\t\t\t\t<\/span>\n\t\t\t\t\t<\/a>\n\t\t\t\t<\/div>\n\t\t\t\t\t\t\t\t<\/div>\n\t\t\t\t<\/div>\n\t\t\t\t<div class=\"elementor-element elementor-element-3c2e9b0 elementor-align-left elementor-widget elementor-widget-button\" data-id=\"3c2e9b0\" data-element_type=\"widget\" data-e-type=\"widget\" data-settings=\"{&quot;ekit_we_effect_on&quot;:&quot;none&quot;}\" data-widget_type=\"button.default\">\n\t\t\t\t<div class=\"elementor-widget-container\">\n\t\t\t\t\t\t\t\t\t<div class=\"elementor-button-wrapper\">\n\t\t\t\t\t<a class=\"elementor-button elementor-button-link elementor-size-sm\" href=\"https:\/\/sol.sbc.org.br\/index.php\/brasnam\/issue\/view\/937\" target=\"_blank\">\n\t\t\t\t\t\t<span class=\"elementor-button-content-wrapper\">\n\t\t\t\t\t\t\t\t\t<span class=\"elementor-button-text\">Anais<\/span>\n\t\t\t\t\t<\/span>\n\t\t\t\t\t<\/a>\n\t\t\t\t<\/div>\n\t\t\t\t\t\t\t\t<\/div>\n\t\t\t\t<\/div>\n\t\t\t\t<div class=\"elementor-element elementor-element-a1cb5fc elementor-align-left elementor-widget elementor-widget-button\" data-id=\"a1cb5fc\" data-element_type=\"widget\" data-e-type=\"widget\" data-settings=\"{&quot;ekit_we_effect_on&quot;:&quot;none&quot;}\" data-widget_type=\"button.default\">\n\t\t\t\t<div class=\"elementor-widget-container\">\n\t\t\t\t\t\t\t\t\t<div class=\"elementor-button-wrapper\">\n\t\t\t\t\t<a class=\"elementor-button elementor-button-link elementor-size-sm\" href=\"#sobre\">\n\t\t\t\t\t\t<span class=\"elementor-button-content-wrapper\">\n\t\t\t\t\t\t\t\t\t<span class=\"elementor-button-text\">Sobre o evento<\/span>\n\t\t\t\t\t<\/span>\n\t\t\t\t\t<\/a>\n\t\t\t\t<\/div>\n\t\t\t\t\t\t\t\t<\/div>\n\t\t\t\t<\/div>\n\t\t\t\t<div class=\"elementor-element elementor-element-2c5bb40 elementor-widget elementor-widget-button\" data-id=\"2c5bb40\" data-element_type=\"widget\" data-e-type=\"widget\" data-settings=\"{&quot;ekit_we_effect_on&quot;:&quot;none&quot;}\" data-widget_type=\"button.default\">\n\t\t\t\t<div class=\"elementor-widget-container\">\n\t\t\t\t\t\t\t\t\t<div class=\"elementor-button-wrapper\">\n\t\t\t\t\t<a class=\"elementor-button elementor-button-link elementor-size-sm\" href=\"#chamada\">\n\t\t\t\t\t\t<span class=\"elementor-button-content-wrapper\">\n\t\t\t\t\t\t\t\t\t<span class=\"elementor-button-text\">Chamada de Trabalhos<\/span>\n\t\t\t\t\t<\/span>\n\t\t\t\t\t<\/a>\n\t\t\t\t<\/div>\n\t\t\t\t\t\t\t\t<\/div>\n\t\t\t\t<\/div>\n\t\t\t\t<div class=\"elementor-element elementor-element-08fedce elementor-widget elementor-widget-button\" data-id=\"08fedce\" data-element_type=\"widget\" data-e-type=\"widget\" data-settings=\"{&quot;ekit_we_effect_on&quot;:&quot;none&quot;}\" data-widget_type=\"button.default\">\n\t\t\t\t<div class=\"elementor-widget-container\">\n\t\t\t\t\t\t\t\t\t<div class=\"elementor-button-wrapper\">\n\t\t\t\t\t<a class=\"elementor-button elementor-button-link elementor-size-sm\" href=\"#topicos\">\n\t\t\t\t\t\t<span class=\"elementor-button-content-wrapper\">\n\t\t\t\t\t\t\t\t\t<span class=\"elementor-button-text\">T\u00f3picos de Interesse<\/span>\n\t\t\t\t\t<\/span>\n\t\t\t\t\t<\/a>\n\t\t\t\t<\/div>\n\t\t\t\t\t\t\t\t<\/div>\n\t\t\t\t<\/div>\n\t\t\t\t<div class=\"elementor-element elementor-element-1a400a7 elementor-widget elementor-widget-button\" data-id=\"1a400a7\" data-element_type=\"widget\" data-e-type=\"widget\" data-settings=\"{&quot;ekit_we_effect_on&quot;:&quot;none&quot;}\" data-widget_type=\"button.default\">\n\t\t\t\t<div class=\"elementor-widget-container\">\n\t\t\t\t\t\t\t\t\t<div class=\"elementor-button-wrapper\">\n\t\t\t\t\t<a class=\"elementor-button elementor-button-link elementor-size-sm\" href=\"#submissao\">\n\t\t\t\t\t\t<span class=\"elementor-button-content-wrapper\">\n\t\t\t\t\t\t\t\t\t<span class=\"elementor-button-text\">Instru\u00e7\u00f5es para submiss\u00e3o<\/span>\n\t\t\t\t\t<\/span>\n\t\t\t\t\t<\/a>\n\t\t\t\t<\/div>\n\t\t\t\t\t\t\t\t<\/div>\n\t\t\t\t<\/div>\n\t\t\t\t<div class=\"elementor-element elementor-element-3edad05 elementor-widget elementor-widget-button\" data-id=\"3edad05\" data-element_type=\"widget\" data-e-type=\"widget\" data-settings=\"{&quot;ekit_we_effect_on&quot;:&quot;none&quot;}\" data-widget_type=\"button.default\">\n\t\t\t\t<div class=\"elementor-widget-container\">\n\t\t\t\t\t\t\t\t\t<div class=\"elementor-button-wrapper\">\n\t\t\t\t\t<a class=\"elementor-button elementor-button-link elementor-size-sm\" href=\"#datasimportantes\">\n\t\t\t\t\t\t<span class=\"elementor-button-content-wrapper\">\n\t\t\t\t\t\t\t\t\t<span class=\"elementor-button-text\">Datas Importantes<\/span>\n\t\t\t\t\t<\/span>\n\t\t\t\t\t<\/a>\n\t\t\t\t<\/div>\n\t\t\t\t\t\t\t\t<\/div>\n\t\t\t\t<\/div>\n\t\t\t\t<div class=\"elementor-element elementor-element-1029d15 elementor-widget elementor-widget-button\" data-id=\"1029d15\" data-element_type=\"widget\" data-e-type=\"widget\" data-settings=\"{&quot;ekit_we_effect_on&quot;:&quot;none&quot;}\" data-widget_type=\"button.default\">\n\t\t\t\t<div class=\"elementor-widget-container\">\n\t\t\t\t\t\t\t\t\t<div class=\"elementor-button-wrapper\">\n\t\t\t\t\t<a class=\"elementor-button elementor-button-link elementor-size-sm\" href=\"#inscricaoautores\">\n\t\t\t\t\t\t<span class=\"elementor-button-content-wrapper\">\n\t\t\t\t\t\t\t\t\t<span class=\"elementor-button-text\">Inscri\u00e7\u00e3o de autores<\/span>\n\t\t\t\t\t<\/span>\n\t\t\t\t\t<\/a>\n\t\t\t\t<\/div>\n\t\t\t\t\t\t\t\t<\/div>\n\t\t\t\t<\/div>\n\t\t\t\t<div class=\"elementor-element elementor-element-8403e41 elementor-widget elementor-widget-button\" data-id=\"8403e41\" data-element_type=\"widget\" data-e-type=\"widget\" data-settings=\"{&quot;ekit_we_effect_on&quot;:&quot;none&quot;}\" data-widget_type=\"button.default\">\n\t\t\t\t<div class=\"elementor-widget-container\">\n\t\t\t\t\t\t\t\t\t<div class=\"elementor-button-wrapper\">\n\t\t\t\t\t<a class=\"elementor-button elementor-button-link elementor-size-sm\" href=\"#publicacao\">\n\t\t\t\t\t\t<span class=\"elementor-button-content-wrapper\">\n\t\t\t\t\t\t\t\t\t<span class=\"elementor-button-text\">Publica\u00e7\u00e3o de trabalhos<\/span>\n\t\t\t\t\t<\/span>\n\t\t\t\t\t<\/a>\n\t\t\t\t<\/div>\n\t\t\t\t\t\t\t\t<\/div>\n\t\t\t\t<\/div>\n\t\t\t\t<div class=\"elementor-element elementor-element-7180d6b elementor-widget elementor-widget-button\" data-id=\"7180d6b\" data-element_type=\"widget\" data-e-type=\"widget\" data-settings=\"{&quot;ekit_we_effect_on&quot;:&quot;none&quot;}\" data-widget_type=\"button.default\">\n\t\t\t\t<div class=\"elementor-widget-container\">\n\t\t\t\t\t\t\t\t\t<div class=\"elementor-button-wrapper\">\n\t\t\t\t\t<a class=\"elementor-button elementor-button-link elementor-size-sm\" href=\"#apresentacao\">\n\t\t\t\t\t\t<span class=\"elementor-button-content-wrapper\">\n\t\t\t\t\t\t\t\t\t<span class=\"elementor-button-text\">Instru\u00e7\u00f5es para Apresenta\u00e7\u00e3o<\/span>\n\t\t\t\t\t<\/span>\n\t\t\t\t\t<\/a>\n\t\t\t\t<\/div>\n\t\t\t\t\t\t\t\t<\/div>\n\t\t\t\t<\/div>\n\t\t\t\t<div class=\"elementor-element elementor-element-52c0bfc elementor-widget elementor-widget-button\" data-id=\"52c0bfc\" data-element_type=\"widget\" data-e-type=\"widget\" data-settings=\"{&quot;ekit_we_effect_on&quot;:&quot;none&quot;}\" data-widget_type=\"button.default\">\n\t\t\t\t<div class=\"elementor-widget-container\">\n\t\t\t\t\t\t\t\t\t<div class=\"elementor-button-wrapper\">\n\t\t\t\t\t<a class=\"elementor-button elementor-button-link elementor-size-sm\" href=\"#premiacoes\">\n\t\t\t\t\t\t<span class=\"elementor-button-content-wrapper\">\n\t\t\t\t\t\t\t\t\t<span class=\"elementor-button-text\">Premia\u00e7\u00f5es<\/span>\n\t\t\t\t\t<\/span>\n\t\t\t\t\t<\/a>\n\t\t\t\t<\/div>\n\t\t\t\t\t\t\t\t<\/div>\n\t\t\t\t<\/div>\n\t\t\t\t<div class=\"elementor-element elementor-element-13dd708 elementor-widget elementor-widget-button\" data-id=\"13dd708\" data-element_type=\"widget\" data-e-type=\"widget\" data-settings=\"{&quot;ekit_we_effect_on&quot;:&quot;none&quot;}\" data-widget_type=\"button.default\">\n\t\t\t\t<div class=\"elementor-widget-container\">\n\t\t\t\t\t\t\t\t\t<div class=\"elementor-button-wrapper\">\n\t\t\t\t\t<a class=\"elementor-button elementor-button-link elementor-size-sm\" href=\"#organizacao\">\n\t\t\t\t\t\t<span class=\"elementor-button-content-wrapper\">\n\t\t\t\t\t\t\t\t\t<span class=\"elementor-button-text\">Organiza\u00e7\u00e3o<\/span>\n\t\t\t\t\t<\/span>\n\t\t\t\t\t<\/a>\n\t\t\t\t<\/div>\n\t\t\t\t\t\t\t\t<\/div>\n\t\t\t\t<\/div>\n\t\t\t\t<div class=\"elementor-element elementor-element-410c34c elementor-align-left elementor-widget elementor-widget-button\" data-id=\"410c34c\" data-element_type=\"widget\" data-e-type=\"widget\" data-settings=\"{&quot;ekit_we_effect_on&quot;:&quot;none&quot;}\" data-widget_type=\"button.default\">\n\t\t\t\t<div class=\"elementor-widget-container\">\n\t\t\t\t\t\t\t\t\t<div class=\"elementor-button-wrapper\">\n\t\t\t\t\t<a class=\"elementor-button elementor-button-link elementor-size-sm\" href=\"#contato\">\n\t\t\t\t\t\t<span class=\"elementor-button-content-wrapper\">\n\t\t\t\t\t\t\t\t\t<span class=\"elementor-button-text\">Contato<\/span>\n\t\t\t\t\t<\/span>\n\t\t\t\t\t<\/a>\n\t\t\t\t<\/div>\n\t\t\t\t\t\t\t\t<\/div>\n\t\t\t\t<\/div>\n\t\t\t\t\t<\/div>\n\t\t<\/div>\n\t\t\t\t\t<\/div>\n\t\t<\/section>\n\t\t\t\t<\/div>\n\t\t","protected":false},"excerpt":{"rendered":"<p>BraSNAM XI Brazilian Workshop on Social Network Analysis and Mining Programa\u00e7\u00e3o 03Agosto09:00ABERTURACerim\u00f4nia de Abertura 03Agosto09:30PALESTRADesinforma\u00e7\u00e3o e M\u00eddia SocialRaquel Recuero (UFPEL) A palestra tratar\u00e1 de elementos discursivos e de redes de desinforma\u00e7\u00e3o em plataformas de m\u00eddia social, apresentando casos e modos de an\u00e1lise. Raquel Recuero Centro de Letras e Comunica\u00e7\u00e3o da UFPEL Raquel Recuero \u00e9 coordenadora [&hellip;]<\/p>\n","protected":false},"author":1,"featured_media":0,"parent":0,"menu_order":0,"comment_status":"closed","ping_status":"closed","template":"elementor_header_footer","meta":{"inline_featured_image":false,"footnotes":""},"class_list":["post-3208","page","type-page","status-publish","hentry"],"_links":{"self":[{"href":"https:\/\/csbc.sbc.org.br\/2022\/wp-json\/wp\/v2\/pages\/3208","targetHints":{"allow":["GET"]}}],"collection":[{"href":"https:\/\/csbc.sbc.org.br\/2022\/wp-json\/wp\/v2\/pages"}],"about":[{"href":"https:\/\/csbc.sbc.org.br\/2022\/wp-json\/wp\/v2\/types\/page"}],"author":[{"embeddable":true,"href":"https:\/\/csbc.sbc.org.br\/2022\/wp-json\/wp\/v2\/users\/1"}],"replies":[{"embeddable":true,"href":"https:\/\/csbc.sbc.org.br\/2022\/wp-json\/wp\/v2\/comments?post=3208"}],"version-history":[{"count":77,"href":"https:\/\/csbc.sbc.org.br\/2022\/wp-json\/wp\/v2\/pages\/3208\/revisions"}],"predecessor-version":[{"id":6893,"href":"https:\/\/csbc.sbc.org.br\/2022\/wp-json\/wp\/v2\/pages\/3208\/revisions\/6893"}],"wp:attachment":[{"href":"https:\/\/csbc.sbc.org.br\/2022\/wp-json\/wp\/v2\/media?parent=3208"}],"curies":[{"name":"wp","href":"https:\/\/api.w.org\/{rel}","templated":true}]}}