{"id":3292,"date":"2021-12-15T13:21:15","date_gmt":"2021-12-15T16:21:15","guid":{"rendered":"https:\/\/csbc.sbc.org.br\/2022\/?page_id=3292"},"modified":"2022-07-27T11:58:28","modified_gmt":"2022-07-27T14:58:28","slug":"wcge","status":"publish","type":"page","link":"https:\/\/csbc.sbc.org.br\/2022\/wcge\/","title":{"rendered":"WCGE"},"content":{"rendered":"\t\t<div data-elementor-type=\"wp-post\" data-elementor-id=\"3292\" class=\"elementor elementor-3292\">\n\t\t\t\t\t\t<section class=\"elementor-section elementor-top-section elementor-element elementor-element-3ce9014 elementor-section-boxed elementor-section-height-default elementor-section-height-default\" data-id=\"3ce9014\" data-element_type=\"section\" data-e-type=\"section\" data-settings=\"{&quot;background_background&quot;:&quot;video&quot;,&quot;shape_divider_bottom&quot;:&quot;waves&quot;,&quot;background_video_link&quot;:&quot;http:\\\/\\\/www.emanuelmachado.com.br\\\/Video - CSBC 2022.mp4&quot;,&quot;background_video_start&quot;:17,&quot;background_play_on_mobile&quot;:&quot;yes&quot;}\">\n\t\t\t\t\t\t\t\t<div class=\"elementor-background-video-container\">\n\t\t\t\t\t\t\t\t\t\t\t\t\t<video class=\"elementor-background-video-hosted\" role=\"presentation\" autoplay muted playsinline loop><\/video>\n\t\t\t\t\t\t\t\t\t\t\t<\/div>\n\t\t\t\t\t\t\t\t\t<div class=\"elementor-background-overlay\"><\/div>\n\t\t\t\t\t\t<div class=\"elementor-shape elementor-shape-bottom\" aria-hidden=\"true\" data-negative=\"false\">\n\t\t\t<svg xmlns=\"http:\/\/www.w3.org\/2000\/svg\" viewBox=\"0 0 1000 100\" preserveAspectRatio=\"none\">\n\t<path class=\"elementor-shape-fill\" d=\"M421.9,6.5c22.6-2.5,51.5,0.4,75.5,5.3c23.6,4.9,70.9,23.5,100.5,35.7c75.8,32.2,133.7,44.5,192.6,49.7\n\tc23.6,2.1,48.7,3.5,103.4-2.5c54.7-6,106.2-25.6,106.2-25.6V0H0v30.3c0,0,72,32.6,158.4,30.5c39.2-0.7,92.8-6.7,134-22.4\n\tc21.2-8.1,52.2-18.2,79.7-24.2C399.3,7.9,411.6,7.5,421.9,6.5z\"\/>\n<\/svg>\t\t<\/div>\n\t\t\t\t\t<div class=\"elementor-container elementor-column-gap-default\">\n\t\t\t\t\t<div class=\"elementor-column elementor-col-100 elementor-top-column elementor-element elementor-element-8c9fc30\" data-id=\"8c9fc30\" data-element_type=\"column\" data-e-type=\"column\">\n\t\t\t<div class=\"elementor-widget-wrap elementor-element-populated\">\n\t\t\t\t\t\t<div class=\"elementor-element elementor-element-b126080 elementor-widget elementor-widget-heading\" data-id=\"b126080\" data-element_type=\"widget\" data-e-type=\"widget\" data-settings=\"{&quot;ekit_we_effect_on&quot;:&quot;none&quot;}\" data-widget_type=\"heading.default\">\n\t\t\t\t<div class=\"elementor-widget-container\">\n\t\t\t\t\t<h1 class=\"elementor-heading-title elementor-size-default\">WCGE<span style=\"font-size:20px;padding-top:20px\">\n\n10\u00ba Workshop de Computa\u00e7\u00e3o Aplicada em Governo Eletr\u00f4nico \n\n<\/span><\/h1>\t\t\t\t<\/div>\n\t\t\t\t<\/div>\n\t\t\t\t\t<\/div>\n\t\t<\/div>\n\t\t\t\t\t<\/div>\n\t\t<\/section>\n\t\t\t\t<section class=\"elementor-section elementor-top-section elementor-element elementor-element-4aa844b elementor-section-full_width elementor-section-height-default elementor-section-height-default\" data-id=\"4aa844b\" data-element_type=\"section\" data-e-type=\"section\">\n\t\t\t\t\t\t<div class=\"elementor-container elementor-column-gap-no\">\n\t\t\t\t\t<div class=\"elementor-column elementor-col-100 elementor-top-column elementor-element elementor-element-28bde77\" data-id=\"28bde77\" data-element_type=\"column\" data-e-type=\"column\">\n\t\t\t<div class=\"elementor-widget-wrap elementor-element-populated\">\n\t\t\t\t\t\t<div class=\"elementor-element elementor-element-de77726 elementor-widget elementor-widget-image\" data-id=\"de77726\" data-element_type=\"widget\" data-e-type=\"widget\" data-settings=\"{&quot;ekit_we_effect_on&quot;:&quot;none&quot;}\" data-widget_type=\"image.default\">\n\t\t\t\t<div class=\"elementor-widget-container\">\n\t\t\t\t\t\t\t\t\t\t\t\t\t\t\t<img decoding=\"async\" src=\"https:\/\/csbc.sbc.org.br\/2022\/wp-content\/uploads\/2021\/07\/curva-2022.png\" title=\"curva-2022\" alt=\"curva-2022\" loading=\"lazy\" \/>\t\t\t\t\t\t\t\t\t\t\t\t\t\t\t<\/div>\n\t\t\t\t<\/div>\n\t\t\t\t\t<\/div>\n\t\t<\/div>\n\t\t\t\t\t<\/div>\n\t\t<\/section>\n\t\t\t\t<section class=\"elementor-section elementor-top-section elementor-element elementor-element-fb68964 elementor-section-boxed elementor-section-height-default elementor-section-height-default\" data-id=\"fb68964\" data-element_type=\"section\" data-e-type=\"section\">\n\t\t\t\t\t\t<div class=\"elementor-container elementor-column-gap-default\">\n\t\t\t\t\t<div class=\"elementor-column elementor-col-50 elementor-top-column elementor-element elementor-element-d9233d2\" data-id=\"d9233d2\" data-element_type=\"column\" data-e-type=\"column\">\n\t\t\t<div class=\"elementor-widget-wrap elementor-element-populated\">\n\t\t\t\t\t\t<section class=\"elementor-section elementor-inner-section elementor-element elementor-element-351494b elementor-section-boxed elementor-section-height-default elementor-section-height-default\" data-id=\"351494b\" data-element_type=\"section\" data-e-type=\"section\">\n\t\t\t\t\t\t<div class=\"elementor-container elementor-column-gap-default\">\n\t\t\t\t\t<div class=\"elementor-column elementor-col-100 elementor-inner-column elementor-element elementor-element-8a16cc9\" data-id=\"8a16cc9\" data-element_type=\"column\" data-e-type=\"column\">\n\t\t\t<div class=\"elementor-widget-wrap elementor-element-populated\">\n\t\t\t\t\t\t<div class=\"elementor-element elementor-element-95b4745 elementor-widget elementor-widget-html\" data-id=\"95b4745\" data-element_type=\"widget\" data-e-type=\"widget\" id=\"programacao\" data-settings=\"{&quot;ekit_we_effect_on&quot;:&quot;none&quot;}\" data-widget_type=\"html.default\">\n\t\t\t\t<div class=\"elementor-widget-container\">\n\t\t\t\t\t<h2 class=\"section-title\" style=\"font-size:40px\">\n            <span class=\"sub-title\"><\/span>\n\t\t\t\n<em class=\"title-bar-shap\">\nPrograma\u00e7\u00e3o\n<\/em>\n        <\/h2>\t\t\t\t<\/div>\n\t\t\t\t<\/div>\n\t\t\t\t<div class=\"elementor-element elementor-element-915a931 elementor-widget elementor-widget-eael-adv-accordion\" data-id=\"915a931\" data-element_type=\"widget\" data-e-type=\"widget\" data-settings=\"{&quot;ekit_we_effect_on&quot;:&quot;none&quot;}\" data-widget_type=\"eael-adv-accordion.default\">\n\t\t\t\t<div class=\"elementor-widget-container\">\n\t\t\t\t\t            <div class=\"eael-adv-accordion\" id=\"eael-adv-accordion-915a931\" data-scroll-on-click=\"no\" data-scroll-speed=\"300\" data-accordion-id=\"915a931\" data-accordion-type=\"accordion\" data-toogle-speed=\"300\">\n            <div class=\"eael-accordion-list\">\n\t\t\t\t\t<div id=\"div-classrowdiv-classcol-3-horab-classdia04bb-classmesagostobb-classhora20910bdivdiv-classcol-9-t1-stylepadding-top-30pximportantb-classtipo1-sesso-tcnicabspan-classtitulo-styleline-height25pxsesso-tcnica-ib-classautorbspandivdiv\" class=\"elementor-tab-title eael-accordion-header\" tabindex=\"0\" data-tab=\"2\" aria-controls=\"elementor-tab-content-1522\"><span class=\"eael-accordion-tab-title\"><div class=\"row\"><div class=\"col-3 hora\"><b class=\"dia\">04<\/b><b class=\"mes\">Agosto<\/b><b class=\"hora2\">09:10<\/b><\/div><div class=\"col-9 t1\" style=\"padding-top: 30px!important\"><b class=\"tipo1\">SESS\u00c3O T\u00c9CNICA<\/b><span class=\"titulo\" style=\"line-height:25px\">Sess\u00e3o T\u00e9cnica I<b class=\"autor\"><\/b><\/span><\/div><\/div><\/span><i aria-hidden=\"true\" class=\"fa-toggle fas fa-angle-down\"><\/i><\/div><div id=\"elementor-tab-content-1522\" class=\"eael-accordion-content clearfix\" data-tab=\"2\" aria-labelledby=\"div-classrowdiv-classcol-3-horab-classdia04bb-classmesagostobb-classhora20910bdivdiv-classcol-9-t1-stylepadding-top-30pximportantb-classtipo1-sesso-tcnicabspan-classtitulo-styleline-height25pxsesso-tcnica-ib-classautorbspandivdiv\"><table><tbody><tr><td colspan=\"3\" rowspan=\"1\">Usando redes complexas na identificac\u00e3o de empresas fraudulentas em licita\u00e7\u00f5es p\u00fablicas<br \/><strong>Bruno Figueir\u00eado, Gardenya Felix, Ane Pereira, Yuran Vita, Jo\u00e3o Gimaque, Marcos Damasceno<\/strong><\/td><\/tr><tr><td colspan=\"3\" rowspan=\"1\">Caracteriza\u00e7\u00e3o das Licita\u00e7\u00f5es P\u00fablicas no Estado do Rio de Janeiro: Diversidade, Licitantes \u00danicos e Redes<br \/><strong>Rodrigo Luna, Daniel Figueiredo<\/strong><\/td><\/tr><tr><td colspan=\"3\" rowspan=\"1\">Towards a Business Process Automation Office Model: Action Research in Higher Education Institution<br \/><strong>Maur\u00edcio Galimberti, Jean Hauck, Jos\u00e9 Eduardo De Lucca, S\u00e9rgio Peters<\/strong><\/td><\/tr><tr><td colspan=\"3\" rowspan=\"1\">Mapeamento sistem\u00e1tico da literatura de relatos do uso do or\u00e7amento participativo na forma digital<br \/><strong>Raffael Carvalho, Melise Paula<\/strong><\/td><\/tr><\/tbody><\/table><\/div>\n\t\t\t\t\t<\/div><\/div>\t\t\t\t<\/div>\n\t\t\t\t<\/div>\n\t\t\t\t<div class=\"elementor-element elementor-element-278310a elementor-widget elementor-widget-eael-adv-accordion\" data-id=\"278310a\" data-element_type=\"widget\" data-e-type=\"widget\" data-settings=\"{&quot;ekit_we_effect_on&quot;:&quot;none&quot;}\" data-widget_type=\"eael-adv-accordion.default\">\n\t\t\t\t<div class=\"elementor-widget-container\">\n\t\t\t\t\t            <div class=\"eael-adv-accordion\" id=\"eael-adv-accordion-278310a\" data-scroll-on-click=\"no\" data-scroll-speed=\"300\" data-accordion-id=\"278310a\" data-accordion-type=\"accordion\" data-toogle-speed=\"300\">\n            <div class=\"eael-accordion-list\">\n\t\t\t\t\t<div id=\"div-classrowdiv-classcol-3-horab-classdia04bb-classmesagostobb-classhora21100bdivdiv-classcol-9-t1b-classtipo1palestrabspan-classtitulogoverno-digital-para-os-cidados-o-caso-da-secretaria-de-fazenda-de-niteri-b-classautormarilia-sorrini-peres-ortiz-e-luiz-otavio-ribeiro-monteiro-junior-bspandivdiv\" class=\"elementor-tab-title eael-accordion-header\" tabindex=\"0\" data-tab=\"1\" aria-controls=\"elementor-tab-content-4141\"><span class=\"eael-accordion-tab-title\"><div class=\"row\"><div class=\"col-3 hora\"><b class=\"dia\">04<\/b><b class=\"mes\">Agosto<\/b><b class=\"hora2\">11:00<\/b><\/div><div class=\"col-9 t1\"><b class=\"tipo1\">PALESTRA<\/b><span class=\"titulo\">Governo Digital para os cidad\u00e3os: o caso da Secretaria de Fazenda de Niter\u00f3i <b class=\"autor\">Marilia Sorrini Peres Ortiz e Luiz Otavio Ribeiro Monteiro Junior <\/b><\/span><\/div><\/div><\/span><i aria-hidden=\"true\" class=\"fa-toggle fas fa-angle-down\"><\/i><\/div><div id=\"elementor-tab-content-4141\" class=\"eael-accordion-content clearfix\" data-tab=\"1\" aria-labelledby=\"div-classrowdiv-classcol-3-horab-classdia04bb-classmesagostobb-classhora21100bdivdiv-classcol-9-t1b-classtipo1palestrabspan-classtitulogoverno-digital-para-os-cidados-o-caso-da-secretaria-de-fazenda-de-niteri-b-classautormarilia-sorrini-peres-ortiz-e-luiz-otavio-ribeiro-monteiro-junior-bspandivdiv\"><p>A apresenta\u00e7\u00e3o contar\u00e1 a experi\u00eancia de implementa\u00e7\u00e3o e execu\u00e7\u00e3o de a\u00e7\u00f5es de governo digital na Secretaria de Fazenda de Niter\u00f3i. Por meio de projetos de inova\u00e7\u00e3o e tecnologia da informa\u00e7\u00e3o, a secretaria vem passando por um processo de moderniza\u00e7\u00e3o cujo principal objetivo \u00e9 tornar o \u00f3rg\u00e3o mais acess\u00edvel \u00e0 sociedade e com maior foco no cidad\u00e3o.<\/p><div class=\"bio\"><h3 class=\"nome\"><img fetchpriority=\"high\" decoding=\"async\" class=\"alignnone size-medium wp-image-5127\" src=\"https:\/\/csbc.sbc.org.br\/2022\/wp-content\/uploads\/2022\/07\/kn1-e1657047679113.png\" alt=\"\" width=\"300\" height=\"293\" \/><br \/>Marilia Sorrini Peres Ortiz<\/h3><h4 class=\"nome\">Secret\u00e1ria de Fazenda &#8211; Prefeitura de Niter\u00f3i<\/h4><p>Mestre em Administra\u00e7\u00e3o P\u00fablica e Governo pela Funda\u00e7\u00e3o Get\u00falio Vargas (FGV), graduada em Gest\u00e3o de Pol\u00edticas P\u00fablicas pela Universidade de S\u00e3o Paulo (USP), p\u00f3s-graduanda em Finan\u00e7as P\u00fablicas e Auditoria (UFRJ), com curso executivo para l\u00edderes p\u00fablicos na School of International and Public Affairs da Universidade de Columbia (NY). Atual Secret\u00e1ria de Fazenda de Niter\u00f3i.<\/p><\/div><div class=\"bio\"><h3 class=\"nome\"><img decoding=\"async\" class=\"alignnone size-medium wp-image-5127\" src=\"https:\/\/csbc.sbc.org.br\/2022\/wp-content\/uploads\/2022\/07\/luiz1-e1658183923700.png\" alt=\"\" width=\"300\" height=\"293\" \/><br \/>Luiz Otavio Ribeiro Monteiro Junior<\/h3><h4 class=\"nome\">Coordenador de inova\u00e7\u00e3o &#8211; Secretaria de Fazenda &#8211; Prefeitura de Niter\u00f3i<\/h4><p>Luiz \u00e9 Bacharel em Rela\u00e7\u00f5es Internacionais pela UFF e Mestre em Estudos Estrat\u00e9gicos da Seguran\u00e7a e da Defesa pela UFF. \u00c9 gestor p\u00fablico da Prefeitura de Niter\u00f3i desde 2018. Foi gerente do Setor de Transpar\u00eancia (2019 \u2013 2020) e presidente do Conselho Municipal de Transpar\u00eancia e Controle Social (2019 \u2013 2020). Atualmente \u00e9 coordenador de inova\u00e7\u00e3o na Secretaria de Fazenda de Niter\u00f3i.<\/p><\/div><\/div>\n\t\t\t\t\t<\/div><div class=\"eael-accordion-list\">\n\t\t\t\t\t<div id=\"div-classrowdiv-classcol-3-horab-classdia04bb-classmesagostobb-classhora21400bdivdiv-classcol-9-t1-stylepadding-top-30pximportantb-classtipo1-sesso-tcnicabspan-classtitulo-styleline-height25pxsesso-tcnica-iib-classautorbspandivdiv\" class=\"elementor-tab-title eael-accordion-header\" tabindex=\"0\" data-tab=\"2\" aria-controls=\"elementor-tab-content-4142\"><span class=\"eael-accordion-tab-title\"><div class=\"row\"><div class=\"col-3 hora\"><b class=\"dia\">04<\/b><b class=\"mes\">Agosto<\/b><b class=\"hora2\">14:00<\/b><\/div><div class=\"col-9 t1\" style=\"padding-top: 30px!important\"><b class=\"tipo1\">SESS\u00c3O T\u00c9CNICA<\/b><span class=\"titulo\" style=\"line-height:25px\">Sess\u00e3o T\u00e9cnica II<b class=\"autor\"><\/b><\/span><\/div><\/div><\/span><i aria-hidden=\"true\" class=\"fa-toggle fas fa-angle-down\"><\/i><\/div><div id=\"elementor-tab-content-4142\" class=\"eael-accordion-content clearfix\" data-tab=\"2\" aria-labelledby=\"div-classrowdiv-classcol-3-horab-classdia04bb-classmesagostobb-classhora21400bdivdiv-classcol-9-t1-stylepadding-top-30pximportantb-classtipo1-sesso-tcnicabspan-classtitulo-styleline-height25pxsesso-tcnica-iib-classautorbspandivdiv\"><table><tbody><tr><td colspan=\"3\" rowspan=\"1\">Elicita\u00e7\u00e3o de requisitos de Sistemas e Design Thinking no \u00e2mbito p\u00fablico: Um estudo de caso na Universidade Federal de Lavras<br \/><strong>Leticia Macedo, Renata Araujo, Fernando de Oliveira<\/strong><\/td><\/tr><tr><td colspan=\"3\" rowspan=\"1\">Transparency promoted by process mining: an exploratory study in a public health product management process<br \/><strong>Thais Rodrigues Neubauer, Renata Araujo, Sarajane Peres, Marcelo Fantinato<\/strong><\/td><\/tr><tr><td colspan=\"3\" rowspan=\"1\">Sistema de Recomenda\u00e7\u00e3o do Portal gov.br<br \/><strong>Marcelo Pita, Rafael Odon de Alencar, Ronaldo Agra<\/strong><\/td><\/tr><tr><td colspan=\"3\" rowspan=\"1\">Uma An\u00e1lise Emp\u00edrica dos Planejamentos Estrat\u00e9gicos das Capitais Brasileiras com Foco na Constru\u00e7\u00e3o de Cidades Inteligentes<br \/><strong>Matheus Cruz, Flavia Bernardini, Vanessa Nunes, Carlos Alberto Bastos<\/strong><\/td><\/tr><tr><td colspan=\"3\" rowspan=\"1\">Chart Lab: Uma ferramenta para o design de visualiza\u00e7\u00f5es de dados em linguagem simples<br \/><strong>Rodrigo Oliveira, Claudia Cappelli, Jonice Oliveira<\/strong><\/td><\/tr><tr><td colspan=\"3\" rowspan=\"1\">Data Lakes L\u00f3gicos Como Plataformas Para Dados Governamentais em Sociedades e Cidades Inteligentes<br \/><strong>Geymerson Ramos, Danilo Fernandes, Jorge Coelho, Andre Aquino<\/strong><\/td><\/tr><\/tbody><\/table><\/div>\n\t\t\t\t\t<\/div><div class=\"eael-accordion-list\">\n\t\t\t\t\t<div id=\"div-classrowdiv-classcol-3-horab-classdia05bb-classmesagostobb-classhora20900bdivdiv-classcol-9-t1-stylepadding-top-30pximportantb-classtipo1-sesso-tcnicabspan-classtitulo-styleline-height25pxsesso-tcnica-iiib-classautorbspandivdiv\" class=\"elementor-tab-title eael-accordion-header\" tabindex=\"0\" data-tab=\"3\" aria-controls=\"elementor-tab-content-4143\"><span class=\"eael-accordion-tab-title\"><div class=\"row\"><div class=\"col-3 hora\"><b class=\"dia\">05<\/b><b class=\"mes\">Agosto<\/b><b class=\"hora2\">09:00<\/b><\/div><div class=\"col-9 t1\" style=\"padding-top: 30px!important\"><b class=\"tipo1\">SESS\u00c3O T\u00c9CNICA<\/b><span class=\"titulo\" style=\"line-height:25px\">Sess\u00e3o T\u00e9cnica III<b class=\"autor\"><\/b><\/span><\/div><\/div><\/span><i aria-hidden=\"true\" class=\"fa-toggle fas fa-angle-down\"><\/i><\/div><div id=\"elementor-tab-content-4143\" class=\"eael-accordion-content clearfix\" data-tab=\"3\" aria-labelledby=\"div-classrowdiv-classcol-3-horab-classdia05bb-classmesagostobb-classhora20900bdivdiv-classcol-9-t1-stylepadding-top-30pximportantb-classtipo1-sesso-tcnicabspan-classtitulo-styleline-height25pxsesso-tcnica-iiib-classautorbspandivdiv\"><table><tbody><tr><td colspan=\"3\" rowspan=\"1\">Aplica\u00e7\u00e3o Combinada de M\u00e9todos Baseados em \u00c1rvores e Import\u00e2ncia da Vari\u00e1vel para An\u00e1lise de Despesas de Campanhas Eleitorais<br \/><strong>Alessandra Gomes<\/strong><\/td><\/tr><tr><td colspan=\"3\" rowspan=\"1\">Sumariza\u00e7\u00e3o de Den\u00fancias: Proposta e Avalia\u00e7\u00e3o de M\u00e9todos de Gera\u00e7\u00e3o de Resumos<br \/><strong>Eduardo Paiva, Fernando Pereira, Nelson Ebecken<\/strong><\/td><\/tr><tr><td colspan=\"3\" rowspan=\"1\">Um m\u00e9todo para captura e compartilhamento de dados abertos educacionais via um processo ETL<br \/><strong>Fabio Rodrigues, Cristiano Maciel<\/strong><\/td><\/tr><tr><td colspan=\"3\" rowspan=\"1\">XVIA-MT: implanta\u00e7\u00e3o de uma alternativa vi\u00e1vel de integrar o Brasil<br \/><strong>Sandro Lu\u00eds Campos, S\u00f3crates Barros, Rog\u00e9rio Nery, Diogo Tedesco, Cleberson Gomes, Washington Silva, Janine Ulrich, Paulo Macedo<\/strong><\/td><\/tr><tr><td colspan=\"3\" rowspan=\"1\">Ferramenta de Visualiza\u00e7\u00e3o de Dados do Censo da Educa\u00e7\u00e3o Superior do INEP<br \/><strong>Guilherme Tomaselli Borchardt, Maria Teresa Santos, Luciana Frigo, Isabela Gasparini<\/strong><\/td><\/tr><\/tbody><\/table><\/div>\n\t\t\t\t\t<\/div><div class=\"eael-accordion-list\">\n\t\t\t\t\t<div id=\"div-classrowdiv-classcol-3-horab-classdia05bb-classmesagostobb-classhora21100bdivdiv-classcol-9-t1-stylepadding-top-importantb-classtipo1-painelbspan-classtitulo-styleline-heighto-governo-digital-no-papel-do-empoderamento-do-cidadob-classautorsandro-lus-brando-campos-rodrigo-xavier-bruno-pereira-da-cunha-e-carlos-david-ribeiro-pasco-bspandivdiv\" class=\"elementor-tab-title eael-accordion-header\" tabindex=\"0\" data-tab=\"4\" aria-controls=\"elementor-tab-content-4144\"><span class=\"eael-accordion-tab-title\"><div class=\"row\"><div class=\"col-3 hora\"><b class=\"dia\">05<\/b><b class=\"mes\">Agosto<\/b><b class=\"hora2\">11:00<\/b><\/div><div class=\"col-9 t1\" style=\"padding-top: important\"><b class=\"tipo1\">PAINEL<\/b><span class=\"titulo\" style=\"line-height:\">O Governo Digital no papel do empoderamento do cidad\u00e3o<b class=\"autor\">Sandro Lu\u00eds Brand\u00e3o Campos, Rodrigo Xavier, Bruno Pereira da Cunha e Carlos David Ribeiro Pasco <\/b><\/span><\/div><\/div><\/span><i aria-hidden=\"true\" class=\"fa-toggle fas fa-angle-down\"><\/i><\/div><div id=\"elementor-tab-content-4144\" class=\"eael-accordion-content clearfix\" data-tab=\"4\" aria-labelledby=\"div-classrowdiv-classcol-3-horab-classdia05bb-classmesagostobb-classhora21100bdivdiv-classcol-9-t1-stylepadding-top-importantb-classtipo1-painelbspan-classtitulo-styleline-heighto-governo-digital-no-papel-do-empoderamento-do-cidadob-classautorsandro-lus-brando-campos-rodrigo-xavier-bruno-pereira-da-cunha-e-carlos-david-ribeiro-pasco-bspandivdiv\"><p><strong>Os desafios e impacto da transforma\u00e7\u00e3o digital no Governo de MT<\/strong><\/p><div class=\"bio\"><h3 class=\"nome\"><img decoding=\"async\" class=\"alignnone size-medium wp-image-5127\" src=\"https:\/\/csbc.sbc.org.br\/2022\/wp-content\/uploads\/2022\/07\/sandro-e1658185519376.png\" alt=\"\" width=\"300\" height=\"293\" \/>Sandro Lu\u00eds Brand\u00e3o Campos<\/h3><h4 class=\"nome\">Governo do Estado de Mato Grosso<br \/>Secret\u00e1rio Adjunto de Planejamento e Gest\u00e3o de Pol\u00edticas P\u00fablicas<br \/>Coordenador do Comit\u00ea Executivo de Transforma\u00e7\u00e3o Digital de MT<\/h4><p>Sandro \u00e9 Bacharel em Ci\u00eancia da Computa\u00e7\u00e3o e Mestre em Propriedade Intelectual e Transfer\u00eancia de Tecnologia para a Inova\u00e7\u00e3o pela UFMT. Possui especializa\u00e7\u00e3o nas \u00e1reas de Neg\u00f3cios Eletr\u00f4nicos, Gest\u00e3o P\u00fablica, Gest\u00e3o Empresarial e Gest\u00e3o de Marketing em Neg\u00f3cios. Atua desde 1997 na administra\u00e7\u00e3o p\u00fablica na \u00e1rea de tecnologia da informa\u00e7\u00e3o. \u00c9 empregado p\u00fablico na Empresa Mato-grossense de Tecnologia da Informa\u00e7\u00e3o de Mato Grosso no cargo de Analista de Tecnologia da Informa\u00e7\u00e3o. Respons\u00e1vel por projetos inovadores no Governo de MT de grande impacto que renderam premia\u00e7\u00f5es e de refer\u00eancia no Estado. Atualmente ocupa o cargo de Secret\u00e1rio Adjunto de Planejamento e Gest\u00e3o de Pol\u00edticas P\u00fablicas do Governo de Mato Grosso. \u00c9 respons\u00e1vel pela gest\u00e3o da transforma\u00e7\u00e3o digital no governo sendo Coordenador do Comit\u00ea Executivo de Transforma\u00e7\u00e3o Digital e Inova\u00e7\u00e3o. Faz parte do Grupo de Transforma\u00e7\u00e3o Digital (GTD) representando o Estado de Mato Grosso.<\/p><\/div><p><strong style=\"margin-bottom: 20PX\">Programa RJDIGITAL &#8211; A implementa\u00e7\u00e3o do Governo Digital no Estado do Rio de Janeiro<\/strong><\/p><p>Apresenta\u00e7\u00e3o do RJDIGITAL, Programa desenvolvido pelo PRODERJ destinado a implementar o Governo Digital no Poder Executivo do Estado do Rio de Janeiro. Seguindo a tend\u00eancia nacional, o PRODERJ desenvolveu o Portal Integrado de Servi\u00e7os Digitais &#8211; www.rj.gov.br &#8211; que facilita a experi\u00eancia do cidad\u00e3o no acesso aos servi\u00e7os p\u00fablicos prestados pelo Estado. O Programa ainda conta com mais dois pilares, o normativo que visa a regulamenta\u00e7\u00e3o dos temas atinentes e o pilar de planejamento, cuja finalidade \u00e9 definir e acompanhar os objetivos e metas do Programa.<\/p><div class=\"bio\"><h3 class=\"nome\"><img loading=\"lazy\" decoding=\"async\" class=\"alignnone size-medium wp-image-5127\" src=\"https:\/\/csbc.sbc.org.br\/2022\/wp-content\/uploads\/2022\/07\/a1.png\" alt=\"\" width=\"300\" height=\"293\" \/><br \/>Rodrigo Xavier<\/h3><h4 class=\"nome\">PRODERJ &#8211; Vice-Presidente de Governo Digital<\/h4><p>Rodrigo Xavier \u00e9 Vice-Presidente de Governo Digital do PRODERJ. Tem experi\u00eancia em transforma\u00e7\u00e3o digital, al\u00e9m de atua\u00e7\u00e3o em Centros Integrados de Comando e Controle, Centros de Atendimento de Emerg\u00eancias, Gest\u00e3o de Seguran\u00e7a Digital, infraestrutura de TIC e Datacenter. Tamb\u00e9m atuou como Superintendente de Tecnologia da Informa\u00e7\u00e3o do GSI-RJ (Gabinete de Seguran\u00e7a Institucional do Governo do Estado do RJ); Superintendente de Tecnologia da Informa\u00e7\u00e3o e Comunica\u00e7\u00e3o da Secretaria de Estado de Planejamento e Gest\u00e3o do Rio de Janeiro; e Superintendente de Gest\u00e3o de Recursos de TIC da Secretaria da Casa Civil e Governan\u00e7a do Rio de Janeiro.<\/p><h3 class=\"nome\" style=\"padding-top: 20PX\"><img loading=\"lazy\" decoding=\"async\" class=\"alignnone size-medium wp-image-5127\" src=\"https:\/\/csbc.sbc.org.br\/2022\/wp-content\/uploads\/2022\/07\/buno.png\" alt=\"\" width=\"300\" height=\"293\" \/><br \/>Bruno Pereira da Cunha<\/h3><h4 class=\"nome\">Vice-presidente de Estrat\u00e9gia e Governan\u00e7a do PRODERJ<\/h4><p>Bruno Pereira da Cunha \u00e9 Vice-presidente de Estrat\u00e9gia e Governan\u00e7a do PRODERJ. Possui 48 anos, experi\u00eancia de lideran\u00e7a em cargos p\u00fablicos, com foco em planejamento estrat\u00e9gico, forma\u00e7\u00e3o multidisciplinar e carreira desenvolvida na Marinha do Brasil.<\/p><\/div><p><strong style=\"margin-bottom: 20PX\">Oportunidades e desafios na oferta de solu\u00e7\u00f5es digitais para o exerc\u00edcio da cidadania<\/strong><\/p><p>Nos \u00faltimos anos, governos de todo o mundo t\u00eam investido fortemente na ado\u00e7\u00e3o de tecnologias para automatizar processos e digitalizar servi\u00e7os p\u00fablicos, na busca de uma rela\u00e7\u00e3o cidad\u00e3o-estado cada vez mais pr\u00f3xima e de tornar o estado cada vez mais eficiente. As solu\u00e7\u00f5es digitais desenvolvidas nesse contexto suportam processos que s\u00e3o necess\u00e1rios \u00e0 garantia dos direitos fundamentais para o pleno exerc\u00edcio da cidadania. Esta palestra abordar\u00e1 as oportunidades e desafios que surgem na oferta de solu\u00e7\u00f5es digitais no \u00e2mbito do governo federal, com destaque para solu\u00e7\u00f5es que garantem os direitos sociais do cidad\u00e3o brasileiro.<\/p><div class=\"bio\"><h3 class=\"nome\"><img loading=\"lazy\" decoding=\"async\" class=\"alignnone size-medium wp-image-5127\" src=\"https:\/\/csbc.sbc.org.br\/2022\/wp-content\/uploads\/2022\/07\/a2.png\" alt=\"\" width=\"300\" height=\"293\" \/><\/h3><h3 class=\"nome\">Carlos David Ribeiro Pasco<\/h3><h4 class=\"nome\">Dataprev &#8211; Arquiteto de Neg\u00f3cio e Solu\u00e7\u00f5es<br \/>no Departamento de Arquitetura<\/h4><p>Carlos David Ribeiro Pasco \u00e9 Bacharel em Ci\u00eancia da Computa\u00e7\u00e3o e Mestrando em Computa\u00e7\u00e3o pela Universidade Federal Fluminense. Possui 16 anos de experi\u00eancia em TI de governo, atuando nos \u00faltimos 8 anos na Dataprev, onde ocupa o cargo de L\u00edder de Arquitetura de Neg\u00f3cio e Solu\u00e7\u00e3o no Departamento de Arquitetura. \u00c9 membro do N\u00facleo de An\u00e1lise de Dados para a Cidadania (Data for Citizenship- D4Ctz) da Universidade Federal Fluminense e do Comit\u00ea Gestor do Grupo de Interesse em Computa\u00e7\u00e3o em Governo Digital da Sociedade Brasileira de Computa\u00e7\u00e3o. Tem atuado em pesquisas nas \u00e1reas de Intelig\u00eancia Artificial e Computa\u00e7\u00e3o em Governo Digital.<\/p><\/div><\/div>\n\t\t\t\t\t<\/div><div class=\"eael-accordion-list\">\n\t\t\t\t\t<div id=\"div-classrowdiv-classcol-3-horab-classdia05bb-classmesagostobb-classhora21400bdivdiv-classcol-9-t1-stylepadding-top-30pximportantb-classtipo1-sesso-tcnicabspan-classtitulo-styleline-height25pxsesso-tcnica-ivb-classautorbspandivdiv\" class=\"elementor-tab-title eael-accordion-header\" tabindex=\"0\" data-tab=\"5\" aria-controls=\"elementor-tab-content-4145\"><span class=\"eael-accordion-tab-title\"><div class=\"row\"><div class=\"col-3 hora\"><b class=\"dia\">05<\/b><b class=\"mes\">Agosto<\/b><b class=\"hora2\">14:00<\/b><\/div><div class=\"col-9 t1\" style=\"padding-top: 30px!important\"><b class=\"tipo1\">SESS\u00c3O T\u00c9CNICA<\/b><span class=\"titulo\" style=\"line-height:25px\">Sess\u00e3o T\u00e9cnica IV<b class=\"autor\"><\/b><\/span><\/div><\/div><\/span><i aria-hidden=\"true\" class=\"fa-toggle fas fa-angle-down\"><\/i><\/div><div id=\"elementor-tab-content-4145\" class=\"eael-accordion-content clearfix\" data-tab=\"5\" aria-labelledby=\"div-classrowdiv-classcol-3-horab-classdia05bb-classmesagostobb-classhora21400bdivdiv-classcol-9-t1-stylepadding-top-30pximportantb-classtipo1-sesso-tcnicabspan-classtitulo-styleline-height25pxsesso-tcnica-ivb-classautorbspandivdiv\"><table><tbody><tr><td colspan=\"3\" rowspan=\"1\">Compara\u00e7\u00e3o de Desempenho entre Solu\u00e7\u00f5es de Interoperabilidade<br \/><strong>Jo\u00e3o Marcelo Uch\u00f4a de Alencar, Regis Magalh\u00e3es, Davi Romero Vasconcelos, Samir Chaves, Jo\u00e3o Victor Oliveira, Anderson Bessa, Emanuel Rodrigues<\/strong><\/td><\/tr><tr><td colspan=\"3\" rowspan=\"1\">A Graph Knowledge-base for Auditing Human Resources Public Management<br \/><strong>Fernando Pinto, Sergio Lifschitz, Edward Hermann Haeusler<\/strong><\/td><\/tr><tr><td colspan=\"3\" rowspan=\"1\">Investigando chatbots governamentais: um panorama sobre a usabilidade dentro e fora do Brasil<br \/><strong>Gabriely Oliveira Da Silva Batista, Mateus Monteiro, Luciana Salgado<\/strong><\/td><\/tr><tr><td colspan=\"3\" rowspan=\"1\">Modelos de Aprendizagem de M\u00e1quina para Identifica\u00e7\u00e3o de Mercadorias a partir da Descri\u00e7\u00e3o do Item na Nota Fiscal Eletr\u00f4nica<br \/><strong>Alisson Mendon\u00e7a, Luciano Coutinho, Roberval Mariano<\/strong><\/td><\/tr><tr><td colspan=\"3\" rowspan=\"1\">Intelig\u00eancia artificial aplicada para o aumento da produtividade no atendimento de intima\u00e7\u00f5es<br \/><strong>Pedro Nascimento, Marcus Vin\u00edcius Parreiras, Emerson Santos, Geraldo Xex\u00e9o, Eduardo Mangeli, Lincoln Costa, Izandro Metello, Antonio Vasconcellos<\/strong><\/td><\/tr><tr><td colspan=\"3\" rowspan=\"1\">Interoperabilidade de Sistemas aplicados \u00e0s Cidades Inteligentes: Um Estudo de Mapeamento Sistem\u00e1tico<br \/><strong>Sara Andrade, Diodomiro Carcasi<\/strong><\/td><\/tr><\/tbody><\/table><\/div>\n\t\t\t\t\t<\/div><\/div>\t\t\t\t<\/div>\n\t\t\t\t<\/div>\n\t\t\t\t<div class=\"elementor-element elementor-element-3482266 elementor-widget elementor-widget-html\" data-id=\"3482266\" data-element_type=\"widget\" data-e-type=\"widget\" data-settings=\"{&quot;ekit_we_effect_on&quot;:&quot;none&quot;}\" data-widget_type=\"html.default\">\n\t\t\t\t<div class=\"elementor-widget-container\">\n\t\t\t\t\t\n<style>\n#sembox1 .fa-toggle{\n    color:transparent;\n}\n\n.bio{\n    background:#f0f0f0;\n    padding:20px;\n    text-align:justify;\n    margin-top:20px;\n}\np{text-align:justify;}\n.bio img{\n    border-radius:100px;\n    width:80px;\n    float:left;\n       border-radius:100px;\n       border-bottom: 5px solid #005943;\n       margin:0;\n       margin-right:20px;\n       margin-bottom:20px;\n}\n\n.bio p{\n    clear:both;\n    border-top:1px solid #ccc;\n    padding-top:15px;\n}\n\n.bio h3{\n    color:#005943;\n    font-size:20px;\n    padding-bottom:0;\n    margin-bottom:5px;\n}\n.bio h4{\n    font-size:15px;\n    color:#333;\n}\n.bio strong{display:block;border-top:1px solid #ccc;\n    clear:both;\n    padding-top:10px;\n    margin-top:20px;\n}\n.nome{}\n.mes{\n    display:block;\n    font-weight: 400;\n    font-size:13px;\n    padding-bottom: 5px\n}\n.dia{\n    font-size:40px;\n    font-weight: bold\n}\n.hora2{\n    font-weight: 400;\n}\n .hora{\n     font-weight: 400;\n\n    margin-left: 12px;\ntext-align:center;\nborder: 1px solid #005943;\npadding-top:20px;\ncolor:#005943;\nmax-width:20%!important;\nbackground:#fff;\npadding-bottom:30px;\n }\n .titulo{\n\ndisplay:block; \npadding-top:11px;\n font-size:15px;\n     line-height: 17px\n }\n\n.t1{padding-right:0;\n    padding-top:10px;\n}\n.autor{\n    display:block;\n    color:#005943;\n    padding-top:5px;\n    font-size:13px;\n}\n.foto{\n    padding:10px;\n \n}\n.foto img{\n       border-radius:100px;\n       border-bottom: 5px solid #005943;\n}\n.tipo1{\n    \nfont-size:11px;    \nbackground:#005943;\ncolor:#fff;\npadding:3px 7px;\nborder-radius:50px;\nfont-weight: 400;\n;\nmargin-bottom:8px;\n}\n\ntd{    padding: 10px 10px;\n    border: 1px solid #f1f1f1;\n    border-bottom: 0;\n    border-left: 0;\n    background: #f2f2f2!important;\n    margin-top: 8px;\n    display: block;\n \n    border-left: 3px solid #005943!important;\n    border-radius: 50p;\n    color: #000;}\n    \n    td b, td strong{\n    color:#005943;\n    font-size:12px;\n} \n<\/style>\t\t\t\t<\/div>\n\t\t\t\t<\/div>\n\t\t\t\t\t<\/div>\n\t\t<\/div>\n\t\t\t\t\t<\/div>\n\t\t<\/section>\n\t\t\t\t<div class=\"elementor-element elementor-element-b58a292 elementor-widget elementor-widget-html\" data-id=\"b58a292\" data-element_type=\"widget\" data-e-type=\"widget\" id=\"sobre\" data-settings=\"{&quot;ekit_we_effect_on&quot;:&quot;none&quot;}\" data-widget_type=\"html.default\">\n\t\t\t\t<div class=\"elementor-widget-container\">\n\t\t\t\t\t<h2 class=\"section-title\" style=\"font-size:40px\">\n            <span class=\"sub-title\"><\/span>\n\t\t\t\n<em class=\"title-bar-shap\">Sobre o evento<\/em>\n        <\/h2>\t\t\t\t<\/div>\n\t\t\t\t<\/div>\n\t\t\t\t<div class=\"elementor-element elementor-element-41e4e45 elementor-widget elementor-widget-text-editor\" data-id=\"41e4e45\" data-element_type=\"widget\" data-e-type=\"widget\" data-settings=\"{&quot;ekit_we_effect_on&quot;:&quot;none&quot;}\" data-widget_type=\"text-editor.default\">\n\t\t\t\t<div class=\"elementor-widget-container\">\n\t\t\t\t\t\t\t\t\t<p><span style=\"font-weight: 400;\">O Workshop de Computa\u00e7\u00e3o Aplicada em Governo Eletr\u00f4nico \u00e9 um f\u00f3rum para apresenta\u00e7\u00e3o e discuss\u00e3o de t\u00e9cnicas, metodologias, modelos e ferramentas de TICs para apoio a iniciativas de Governo Eletr\u00f4nico.<\/span><\/p><p><span style=\"font-weight: 400;\">Este workshop que vem crescendo muito e tem recebido cada vez mais trabalhos multidisciplinares, traz para a Sociedade Brasileira de Computa\u00e7\u00e3o um olhar sociot\u00e9cnico sobre a manipula\u00e7\u00e3o e uso de informa\u00e7\u00f5es e sistemas governamentais. Isso se deve ao fato de que a computa\u00e7\u00e3o est\u00e1 cada vez mais sendo utilizada para promover e escalar grandes a\u00e7\u00f5es de planejamento, an\u00e1lise, transforma\u00e7\u00e3o e comunica\u00e7\u00e3o em todas as \u00e1reas de governo, em todas as inst\u00e2ncias, incluindo os poderes executivo, legislativo e judici\u00e1rio, e em n\u00edveis municipal, estadual e federal. Al\u00e9m disso, leis como a LAI (Lei de Acesso \u00e0 Informa\u00e7\u00e3o), a LGPD (Lei Geral de Prote\u00e7\u00e3o de Dados) e, mais recentemente, a Lei do Governo Digital definem e direcionam o Governo para sua completa digitaliza\u00e7\u00e3o e orienta\u00e7\u00e3o a uma transforma\u00e7\u00e3o digital como caminho estrat\u00e9gico de melhoria cont\u00ednua e inova\u00e7\u00e3o no servi\u00e7o p\u00fablico.<\/span><\/p>\t\t\t\t\t\t\t\t<\/div>\n\t\t\t\t<\/div>\n\t\t\t\t<div class=\"elementor-element elementor-element-e2c3aa2 elementor-widget elementor-widget-html\" data-id=\"e2c3aa2\" data-element_type=\"widget\" data-e-type=\"widget\" id=\"chamada\" data-settings=\"{&quot;ekit_we_effect_on&quot;:&quot;none&quot;}\" data-widget_type=\"html.default\">\n\t\t\t\t<div class=\"elementor-widget-container\">\n\t\t\t\t\t<h2 class=\"section-title\" style=\"font-size:40px\">\n            <span class=\"sub-title\"><\/span>\n\t\t\t\n<em class=\"title-bar-shap\">Chamada de Trabalhos<\/em>\n        <\/h2>\t\t\t\t<\/div>\n\t\t\t\t<\/div>\n\t\t\t\t<div class=\"elementor-element elementor-element-da3186f elementor-widget elementor-widget-text-editor\" data-id=\"da3186f\" data-element_type=\"widget\" data-e-type=\"widget\" data-settings=\"{&quot;ekit_we_effect_on&quot;:&quot;none&quot;}\" data-widget_type=\"text-editor.default\">\n\t\t\t\t<div class=\"elementor-widget-container\">\n\t\t\t\t\t\t\t\t\t<p><span style=\"font-weight: 400;\">Convidamos pesquisadores, alunos e profissionais a submeterem seus trabalhos para o 10\u00ba WCGE!<\/span><\/p><p><span style=\"font-weight: 400;\">Estamos interessados em pesquisas e pr\u00e1ticas que discutiam a viabiliza\u00e7\u00e3o de servi\u00e7os eletr\u00f4nicos \u00e0 sociedade considerando desafios relacionados \u00e0 infraestrutura, acessibilidade, educa\u00e7\u00e3o digital, democracia digital, participa\u00e7\u00e3o social, estrutura organizacional, governan\u00e7a, uso e economia de recursos, burocracia, legisla\u00e7\u00e3o, cultura, lei de acesso \u00e0 informa\u00e7\u00e3o, seguran\u00e7a, lei geral de prote\u00e7\u00e3o de dados, entre outros.<\/span><\/p><p><span style=\"font-weight: 400;\">Al\u00e9m disso, o tema principal desta edi\u00e7\u00e3o do evento ser\u00e1 \u201cO Governo Digital no papel do empoderamento do cidad\u00e3o\u201d seguindo a linha do tema do CSBC 2021 que \u00e9 \u201cEmpoderamento Digital: O Papel da Computa\u00e7\u00e3o na Constru\u00e7\u00e3o de uma Sociedade Inclusiva e Democr\u00e1tica\u201d. Este tema \u00e9 extremamente relevante e amplia a discuss\u00e3o sobre o potencial que as estrat\u00e9gias de Transforma\u00e7\u00e3o Digital podem alcan\u00e7ar indo al\u00e9m da digitaliza\u00e7\u00e3o de servi\u00e7os.<\/span><\/p><p><span style=\"font-weight: 400;\">O WCGE ter\u00e1 sess\u00f5es t\u00e9cnicas, com apresenta\u00e7\u00e3o de artigos completos e curtos, relatos pr\u00e1ticos de organiza\u00e7\u00f5es, uma palestra de convidado especialista sobre o tema e um painel de discuss\u00e3o entre convidados especialistas de diversos setores promovendo o debate do tema principal do evento sob diversas perspectivas. <\/span><\/p>\t\t\t\t\t\t\t\t<\/div>\n\t\t\t\t<\/div>\n\t\t\t\t<div class=\"elementor-element elementor-element-2b1ca02 elementor-widget elementor-widget-html\" data-id=\"2b1ca02\" data-element_type=\"widget\" data-e-type=\"widget\" id=\"topicos\" data-settings=\"{&quot;ekit_we_effect_on&quot;:&quot;none&quot;}\" data-widget_type=\"html.default\">\n\t\t\t\t<div class=\"elementor-widget-container\">\n\t\t\t\t\t<h2 class=\"section-title\" style=\"font-size:40px\">\n            <span class=\"sub-title\"><\/span>\n\t\t\t\n<em class=\"title-bar-shap\">T\u00f3picos de interesse<\/em>\n        <\/h2>\t\t\t\t<\/div>\n\t\t\t\t<\/div>\n\t\t\t\t<div class=\"elementor-element elementor-element-286991b elementor-widget elementor-widget-text-editor\" data-id=\"286991b\" data-element_type=\"widget\" data-e-type=\"widget\" data-settings=\"{&quot;ekit_we_effect_on&quot;:&quot;none&quot;}\" data-widget_type=\"text-editor.default\">\n\t\t\t\t<div class=\"elementor-widget-container\">\n\t\t\t\t\t\t\t\t\t<p><span style=\"font-weight: 400;\">Os t\u00f3picos de interesses compreendem mais n\u00e3o est\u00e3o restritos a:<\/span><\/p><ul><li><span style=\"font-weight: 400;\">Fundamentos de governo eletr\u00f4nico &#8211; teorias, padr\u00f5es, m\u00e9todos e frameworks<\/span><\/li><li><span style=\"font-weight: 400;\">Gest\u00e3o de processos p\u00fablicos<\/span><\/li><li><span style=\"font-weight: 400;\">Ci\u00eancia de Dados para governo<\/span><\/li><li><span style=\"font-weight: 400;\">Intelig\u00eancia artificial aplicado ao setor p\u00fablico<\/span><\/li><li><span style=\"font-weight: 400;\">Tecnologia de contabilidade distribu\u00edda \/ Blockchain e o setor p\u00fablico<\/span><\/li><li><span style=\"font-weight: 400;\">A Internet das Coisas e o Setor P\u00fablico<\/span><\/li><li><span style=\"font-weight: 400;\">Acesso online p\u00fablico seguro, inclus\u00e3o, privacidade e gerenciamento de identidade online<\/span><\/li><li><span style=\"font-weight: 400;\">Prote\u00e7\u00e3o de dados e privacidade por design<\/span><\/li><li><span style=\"font-weight: 400;\">Uso de m\u00eddia social para comunica\u00e7\u00f5es (G2B \u2013 Government to Business e G2C \u2013 Government to Citizens)<\/span><\/li><li><span style=\"font-weight: 400;\">Crowdsourcing, crowdsensing e citizensourcing<\/span><\/li><li><span style=\"font-weight: 400;\">Governos e governan\u00e7a inteligentes<\/span><\/li><li><span style=\"font-weight: 400;\">Inova\u00e7\u00e3o aberta<\/span><\/li><li><span style=\"font-weight: 400;\">Transpar\u00eancia p\u00fablica<\/span><\/li><li><span style=\"font-weight: 400;\">Seguran\u00e7a da informa\u00e7\u00e3o p\u00fablica<\/span><\/li><li><span style=\"font-weight: 400;\">Preserva\u00e7\u00e3o e mem\u00f3ria digital<\/span><\/li><li><span style=\"font-weight: 400;\">Design de solu\u00e7\u00f5es para o setor p\u00fablico<\/span><\/li><li><span style=\"font-weight: 400;\">Dados abertos governamentais<\/span><\/li><li><span style=\"font-weight: 400;\">Governan\u00e7a participativa<\/span><\/li><li><span style=\"font-weight: 400;\">Coprodu\u00e7\u00e3o de servi\u00e7os p\u00fablicos<\/span><\/li><li><span style=\"font-weight: 400;\">Modelos e processos de participa\u00e7\u00e3o social<\/span><\/li><li><span style=\"font-weight: 400;\">Interoperabilidade no governo \u2013 padr\u00f5es, m\u00e9todos, ferramentas<\/span><\/li><li><span style=\"font-weight: 400;\">Sem\u00e2ntica e ontologias no \u00e2mbito governamental<\/span><\/li><li><span style=\"font-weight: 400;\">M\u00eddias sociais no governo<\/span><\/li><li><span style=\"font-weight: 400;\">Arquitetura tecnol\u00f3gica para governo eletr\u00f4nico<\/span><\/li><li><span style=\"font-weight: 400;\">Sistemas de apoio \u00e0 implementa\u00e7\u00e3o de leis e regras<\/span><\/li><li><span style=\"font-weight: 400;\">Gerenciamento e opera\u00e7\u00e3o de infraestrutura de governo<\/span><\/li><li><span style=\"font-weight: 400;\">Ecossistemas governamentais<\/span><\/li><li><span style=\"font-weight: 400;\">Sistemas de informa\u00e7\u00e3o colaborativos em governo<\/span><\/li><li><span style=\"font-weight: 400;\">Educa\u00e7\u00e3o para transpar\u00eancia e participa\u00e7\u00e3o<\/span><\/li><li><span style=\"font-weight: 400;\">Linguagem Simples \/ Linguagem Cidad\u00e3<\/span><\/li><li><span style=\"font-weight: 400;\">Participa\u00e7\u00e3o Eletr\u00f4nica<\/span><\/li><li><span style=\"font-weight: 400;\">Governos Inteligentes<\/span><\/li><\/ul>\t\t\t\t\t\t\t\t<\/div>\n\t\t\t\t<\/div>\n\t\t\t\t<div class=\"elementor-element elementor-element-1678142 elementor-widget elementor-widget-html\" data-id=\"1678142\" data-element_type=\"widget\" data-e-type=\"widget\" id=\"submissao\" data-settings=\"{&quot;ekit_we_effect_on&quot;:&quot;none&quot;}\" data-widget_type=\"html.default\">\n\t\t\t\t<div class=\"elementor-widget-container\">\n\t\t\t\t\t<h2 class=\"section-title\" style=\"font-size:40px\">\n            <span class=\"sub-title\"><\/span>\n\t\t\t\n<em class=\"title-bar-shap\">Instru\u00e7\u00f5es para submiss\u00e3o\n<\/em>\n        <\/h2>\t\t\t\t<\/div>\n\t\t\t\t<\/div>\n\t\t\t\t<div class=\"elementor-element elementor-element-742dd69 elementor-widget elementor-widget-text-editor\" data-id=\"742dd69\" data-element_type=\"widget\" data-e-type=\"widget\" data-settings=\"{&quot;ekit_we_effect_on&quot;:&quot;none&quot;}\" data-widget_type=\"text-editor.default\">\n\t\t\t\t<div class=\"elementor-widget-container\">\n\t\t\t\t\t\t\t\t\t<p><span style=\"font-weight: 400;\">O WCGE 2021 aceitar\u00e1 trabalhos nas seguintes categorias:<\/span><\/p><ul><li style=\"font-weight: 400;\" aria-level=\"1\"><span style=\"font-weight: 400;\">Artigos completos: 10 a 12 p\u00e1ginas<\/span><\/li><li style=\"font-weight: 400;\" aria-level=\"1\"><span style=\"font-weight: 400;\">Artigos curtos: 6 a 8 p\u00e1ginas<\/span><\/li><li style=\"font-weight: 400;\" aria-level=\"1\"><span style=\"font-weight: 400;\">Relatos pr\u00e1ticos de organiza\u00e7\u00f5es: 6 a 8 p\u00e1ginas (conte\u00fado deve obrigatoriamente ter a seguinte estrutura \u2013 Resumo, Introdu\u00e7\u00e3o, Situa\u00e7\u00e3o\/Contexto, A\u00e7\u00f5es realizadas, Resultados, Li\u00e7\u00f5es aprendidas, Refer\u00eancias)\u00a0<\/span><\/li><\/ul><p><span style=\"font-weight: 400;\">Os artigos poder\u00e3o ser escritos em portugu\u00eas, espanhol ou ingl\u00eas, seguindo o modelo de formata\u00e7\u00e3o para artigos da SBC, dispon\u00edvel em <a href=\"http:\/\/tinyurl.com\/sbc-template-artigos\">http:\/\/tinyurl.com\/sbc-template-artigos<\/a>.<\/span><\/p><p><span style=\"font-weight: 400;\">Na elabora\u00e7\u00e3o de suas submiss\u00f5es, os autores dever\u00e3o seguir as recomenda\u00e7\u00f5es do C\u00f3digo de Conduta para Autores em Publica\u00e7\u00f5es da SBC (vers\u00e3o preliminar).<\/span><\/p><p><span style=\"font-weight: 400;\">Ser\u00e1 usada a metodologia de revis\u00e3o duplamente cega (double-blind), portanto os trabalhos dever\u00e3o ser submetidos de forma an\u00f4nima sem nenhuma informa\u00e7\u00e3o que permita a identifica\u00e7\u00e3o dos autores, caso contr\u00e1rio ser\u00e3o rejeitados. Os trabalhos ser\u00e3o revisados por tr\u00eas revisores.<\/span><\/p><p><span style=\"font-weight: 400;\">Sugest\u00f5es para tornar seu trabalho an\u00f4nimo incluem:<\/span><\/p><ul><li style=\"font-weight: 400;\" aria-level=\"1\"><span style=\"font-weight: 400;\">Remova qualquer identifica\u00e7\u00e3o de autoria, no espa\u00e7o destinado ao nome dos autores coloque &lt;omitido para revis\u00e3o&gt; e das institui\u00e7\u00f5es &lt;institui\u00e7\u00f5es dos autores&gt;.<\/span><\/li><li style=\"font-weight: 400;\" aria-level=\"1\"><span style=\"font-weight: 400;\">Remova as cita\u00e7\u00f5es de artigos de sua pr\u00f3pria autoria ao longo do texto. Se houver necessidade de cita\u00e7\u00e3o, use o termo &lt;omitido para revis\u00e3o&gt;.<\/span><\/li><li style=\"font-weight: 400;\" aria-level=\"1\"><span style=\"font-weight: 400;\">Evite citar uma grande quantidade de trabalhos de sua pr\u00f3pria autoria. Atenha-se ao m\u00ednimo de trabalhos suficiente para contextualizar a nova contribui\u00e7\u00e3o, como se fosse um trabalho escrito por outra pessoa aos olhos de quem l\u00ea sua submiss\u00e3o.<\/span><\/li><li style=\"font-weight: 400;\" aria-level=\"1\"><span style=\"font-weight: 400;\">Evite express\u00f5es do tipo \u201cEm trabalhos anteriores, n\u00f3s [\u2026]\u201d seguidas de uma cita\u00e7\u00e3o expl\u00edcita de um trabalho de sua autoria ou de seu grupo de pesquisa.\u00a0<\/span><\/li><li style=\"font-weight: 400;\" aria-level=\"1\"><span style=\"font-weight: 400;\">Omita a se\u00e7\u00e3o de Agradecimentos, se houver; a mesma poder\u00e1 ser inserida na vers\u00e3o final, caso a submiss\u00e3o seja aceita.<\/span><\/li><li style=\"font-weight: 400;\" aria-level=\"1\"><span style=\"font-weight: 400;\">Para mais informa\u00e7\u00f5es sobre processo de revis\u00e3o\/avalia\u00e7\u00e3o an\u00f4nima recomendamos a leitura de: <\/span>Moro, M. M., 2021. Guia R\u00e1pido para Submiss\u00e3o An\u00f4nima: proteja sua identidade corretamente. ISSN: 2175-9235. Dispon\u00edvel em:\u00a0 https:\/\/bit.ly\/submissao-anonima\u00a0<\/li><\/ul><p><span style=\"font-weight: 400;\">Recomenda-se que os trabalhos publicados em edi\u00e7\u00f5es anteriores do WCGE sejam conhecidos. Isso pode facilitar a identifica\u00e7\u00e3o da real contribui\u00e7\u00e3o da submiss\u00e3o para o escopo do evento. Edi\u00e7\u00f5es anteriores est\u00e3o dispon\u00edveis <a href=\"https:\/\/sol.sbc.org.br\/index.php\/wcge\">https:\/\/sol.sbc.org.br\/index.php\/wcge<\/a><\/span><\/p><p><span style=\"font-weight: 400;\">As submiss\u00f5es devem ser realizadas eletronicamente atrav\u00e9s do sistema JEMS, no link <\/span><a href=\"https:\/\/jems.sbc.org.br\/home.cgi?c=4002\"><span style=\"font-weight: 400;\">https:\/\/jems.sbc.org.br\/home.cgi?c=4002<\/span><\/a><span style=\"font-weight: 400;\">.<\/span><\/p>\t\t\t\t\t\t\t\t<\/div>\n\t\t\t\t<\/div>\n\t\t\t\t<div class=\"elementor-element elementor-element-faec033 elementor-widget elementor-widget-html\" data-id=\"faec033\" data-element_type=\"widget\" data-e-type=\"widget\" id=\"datasimportantes\" data-settings=\"{&quot;ekit_we_effect_on&quot;:&quot;none&quot;}\" data-widget_type=\"html.default\">\n\t\t\t\t<div class=\"elementor-widget-container\">\n\t\t\t\t\t<h2 class=\"section-title\" style=\"font-size:40px\">\n            <span class=\"sub-title\"><\/span>\n\t\t\t\n<em class=\"title-bar-shap\">Datas Importantes\n<\/em>\n        <\/h2>\t\t\t\t<\/div>\n\t\t\t\t<\/div>\n\t\t\t\t<div class=\"elementor-element elementor-element-f3e750f elementor-widget elementor-widget-text-editor\" data-id=\"f3e750f\" data-element_type=\"widget\" data-e-type=\"widget\" data-settings=\"{&quot;ekit_we_effect_on&quot;:&quot;none&quot;}\" data-widget_type=\"text-editor.default\">\n\t\t\t\t<div class=\"elementor-widget-container\">\n\t\t\t\t\t\t\t\t\t<ul><li style=\"font-weight: 400;\" aria-level=\"1\"><span style=\"font-weight: 400;\">Limite para submiss\u00e3o dos trabalhos: <s>15\/03<\/s> <s>31\/03<\/s> 07\/04 (final)<\/span><\/li><li style=\"font-weight: 400;\" aria-level=\"1\"><span style=\"font-weight: 400;\">Divulga\u00e7\u00e3o dos resultados: <s>06\/05<\/s> 10\/05<\/span><\/li><li style=\"font-weight: 400;\" aria-level=\"1\"><span style=\"font-weight: 400;\">Envio das vers\u00f5es finais dos artigos: 20\/05<\/span><\/li><li style=\"font-weight: 400;\" aria-level=\"1\"><span style=\"font-weight: 400;\">Prazo de Inscri\u00e7\u00e3o dos autores: 20\/05<\/span><\/li><\/ul>\t\t\t\t\t\t\t\t<\/div>\n\t\t\t\t<\/div>\n\t\t\t\t<div class=\"elementor-element elementor-element-aef3134 elementor-widget elementor-widget-html\" data-id=\"aef3134\" data-element_type=\"widget\" data-e-type=\"widget\" id=\"inscricaoautores\" data-settings=\"{&quot;ekit_we_effect_on&quot;:&quot;none&quot;}\" data-widget_type=\"html.default\">\n\t\t\t\t<div class=\"elementor-widget-container\">\n\t\t\t\t\t<h2 class=\"section-title\" style=\"font-size:40px\">\n            <span class=\"sub-title\"><\/span>\n\t\t\t\n<em class=\"title-bar-shap\">Inscri\u00e7\u00e3o de autores\n<\/em>\n        <\/h2>\t\t\t\t<\/div>\n\t\t\t\t<\/div>\n\t\t\t\t<div class=\"elementor-element elementor-element-7b4c8c4 elementor-widget elementor-widget-text-editor\" data-id=\"7b4c8c4\" data-element_type=\"widget\" data-e-type=\"widget\" data-settings=\"{&quot;ekit_we_effect_on&quot;:&quot;none&quot;}\" data-widget_type=\"text-editor.default\">\n\t\t\t\t<div class=\"elementor-widget-container\">\n\t\t\t\t\t\t\t\t\t<p><span style=\"font-weight: 400;\">Para que um artigo aceito seja apresentado e inclu\u00eddo nos anais do evento, \u00e9 necess\u00e1rio que ao menos um dos autores do artigo realize a sua inscri\u00e7\u00e3o no evento na categoria profissional dentro do prazo definido. Cada inscri\u00e7\u00e3o na categoria profissional d\u00e1 direito \u00e0 publica\u00e7\u00e3o de um \u00fanico artigo, considerando qualquer um dos eventos-base ou eventos-sat\u00e9lite do CSBC. Autores com mais de um artigo aprovado em qualquer evento do CSBC dever\u00e3o pagar uma \u201ctaxa de publica\u00e7\u00e3o\u201d por artigo adicional. O valor dessa taxa pode ser visto na p\u00e1gina de inscri\u00e7\u00f5es do CSBC 2022.<\/span><\/p>\t\t\t\t\t\t\t\t<\/div>\n\t\t\t\t<\/div>\n\t\t\t\t<div class=\"elementor-element elementor-element-5e27140 elementor-widget elementor-widget-html\" data-id=\"5e27140\" data-element_type=\"widget\" data-e-type=\"widget\" id=\"publicacao\" data-settings=\"{&quot;ekit_we_effect_on&quot;:&quot;none&quot;}\" data-widget_type=\"html.default\">\n\t\t\t\t<div class=\"elementor-widget-container\">\n\t\t\t\t\t<h2 class=\"section-title\" style=\"font-size:40px\">\n            <span class=\"sub-title\"><\/span>\n\t\t\t\n<em class=\"title-bar-shap\">Publica\u00e7\u00e3o de trabalhos\n\n<\/em>\n        <\/h2>\t\t\t\t<\/div>\n\t\t\t\t<\/div>\n\t\t\t\t<div class=\"elementor-element elementor-element-d9ec04d elementor-widget elementor-widget-text-editor\" data-id=\"d9ec04d\" data-element_type=\"widget\" data-e-type=\"widget\" data-settings=\"{&quot;ekit_we_effect_on&quot;:&quot;none&quot;}\" data-widget_type=\"text-editor.default\">\n\t\t\t\t<div class=\"elementor-widget-container\">\n\t\t\t\t\t\t\t\t\t<p><span style=\"font-weight: 400;\">Os artigos aceitos ser\u00e3o publicados na SBC Open Lib, a biblioteca digital da SBC, na s\u00e9rie Anais do Workshop de Computa\u00e7\u00e3o Aplicada em Governo Eletr\u00f4nico (https:\/\/sol.sbc.org.br\/index.php\/wcge), ISSN 2763-8723. Todos os artigos ser\u00e3o indexados com DOI.<\/span><\/p>\t\t\t\t\t\t\t\t<\/div>\n\t\t\t\t<\/div>\n\t\t\t\t<div class=\"elementor-element elementor-element-76005d4 elementor-widget elementor-widget-html\" data-id=\"76005d4\" data-element_type=\"widget\" data-e-type=\"widget\" id=\"premiacoes\" data-settings=\"{&quot;ekit_we_effect_on&quot;:&quot;none&quot;}\" data-widget_type=\"html.default\">\n\t\t\t\t<div class=\"elementor-widget-container\">\n\t\t\t\t\t<h2 class=\"section-title\" style=\"font-size:40px\">\n            <span class=\"sub-title\"><\/span>\n\t\t\t\n<em class=\"title-bar-shap\">Premia\u00e7\u00f5es\n<\/em>\n        <\/h2>\t\t\t\t<\/div>\n\t\t\t\t<\/div>\n\t\t\t\t<div class=\"elementor-element elementor-element-021b4be elementor-widget elementor-widget-text-editor\" data-id=\"021b4be\" data-element_type=\"widget\" data-e-type=\"widget\" data-settings=\"{&quot;ekit_we_effect_on&quot;:&quot;none&quot;}\" data-widget_type=\"text-editor.default\">\n\t\t\t\t<div class=\"elementor-widget-container\">\n\t\t\t\t\t\t\t\t\t<p><span style=\"font-weight: 400;\">Os 3 artigos completos melhor avaliados ser\u00e3o anunciados durante a realiza\u00e7\u00e3o do evento.<\/span><\/p>\t\t\t\t\t\t\t\t<\/div>\n\t\t\t\t<\/div>\n\t\t\t\t<div class=\"elementor-element elementor-element-e9e32c5 elementor-widget elementor-widget-html\" data-id=\"e9e32c5\" data-element_type=\"widget\" data-e-type=\"widget\" id=\"organizacao\" data-settings=\"{&quot;ekit_we_effect_on&quot;:&quot;none&quot;}\" data-widget_type=\"html.default\">\n\t\t\t\t<div class=\"elementor-widget-container\">\n\t\t\t\t\t<h2 class=\"section-title\" style=\"font-size:40px\">\n            <span class=\"sub-title\"><\/span>\n\t\t\t\n<em class=\"title-bar-shap\">Organiza\u00e7\u00e3o\n<\/em>\n        <\/h2>\t\t\t\t<\/div>\n\t\t\t\t<\/div>\n\t\t\t\t<div class=\"elementor-element elementor-element-f9e9f8b elementor-widget elementor-widget-text-editor\" data-id=\"f9e9f8b\" data-element_type=\"widget\" data-e-type=\"widget\" data-settings=\"{&quot;ekit_we_effect_on&quot;:&quot;none&quot;}\" data-widget_type=\"text-editor.default\">\n\t\t\t\t<div class=\"elementor-widget-container\">\n\t\t\t\t\t\t\t\t\t<p><strong>Organizadores Gerais : <\/strong><\/p><p>Vanessa Tavares Nunes (UnB)<\/p><p><strong>Organizadores do Comit\u00ea de Programa:<\/strong><\/p><p>Eunice Pereira dos Santos Nunes (UFMT)<br \/>Raissa dos Santos Barcellos (UFF)<\/p><p><strong>Apoio local:<\/strong><\/p><p>Leandro Santiago (IC\/UFF)<br \/>Raissa dos Santos Barcellos (UFF)<\/p><p><strong>Comit\u00ea de programa:<\/strong><\/p><p>Ana Carla Reis &#8211; Universidade de Brasilia<br \/>Andre Freire &#8211; Universidade Federal de Lavras<br \/>Carlos Denner dos Santos &#8211; Universidade de Brasilia<br \/>Cassyra Vuolo &#8211; TCE-MT<br \/>Celia Ralha &#8211; Universidade de Brasilia<br \/>Claudia Cappelli &#8211; Universidade Federal do Rio de Janeiro<br \/>Cristiano Maciel &#8211; Universidade Federal de Mato Grosso<br \/>Elaine Seixas &#8211; Universidade Federal Fluminense<br \/>Eunice Nunes &#8211; Universidade Federal de Mato Grosso<br \/>Eveline Sacramento &#8211; Cear\u00e1 State&#8217;s Foundation for Meteorology and Water Resources<br \/>Evellin Cardoso &#8211; Universidade Federal de Goi\u00e1s<br \/>Fabiana Freitas Mendes &#8211; Universidade de Bras\u00edlia<br \/>Fabio Rodrigues &#8211; Universidade Federal de Mato Grosso<br \/>Flavia Bernardini &#8211; Universidade Federal Fluminense<br \/>Flavia Santoro &#8211; Universidade do Estado do Rio de Janeiro<br \/>Fl\u00e1vio Soares Corr\u00eaa da Silva &#8211; Universidade de S\u00e3o Paulo<br \/>Gilmara Dias &#8211; Prefeitura Municipal de Montes Claros<br \/>Jos\u00e9 Viterbo &#8211; Universidade Federal Fluminense<br \/>Kanan Silva &#8211; Universidade Federal do ABC<br \/>Kellyton Brito &#8211; Universidade Federal Rural de Pernambuco<br \/>Luciano Gonda &#8211; Universidade Federal de Mato Grosso do Sul<br \/>Luiz Claudio Reis &#8211; Universidade Federal do Estado do Rio de Janeiro<br \/>Marcelo Eler &#8211; Universidade de S\u00e3o Paulo<br \/>Marcelo Ladeira &#8211; Universidade de Brasilia<br \/>Marcelo Iury S . Oliveira &#8211; Universidade Federal Rural de Pernambuco<br \/>Matheus Cruz &#8211; Universidade Federal Fluminense<br \/>Milene Silveira &#8211; Pontificia Universidade Catolica do Rio Grande do Sul &#8211; PUCRS<br \/>Paulo Caetano da Silva &#8211; Universidade Salvador (UNIFACS)<br \/>Raissa Barcellos &#8211; Universidade Federal Fluminense<br \/>Renata Teles Moreira &#8211; Universidade Federal de Lavras<br \/>Renato Correa Vieira &#8211; UNISUAM<br \/>Rodrigo Monteiro &#8211; Universidade Federal Fluminense<br \/>Rosa Maenza &#8211; UTN y UCEL<br \/>Saulo Vieira &#8211; Universidade Estadual de Londrina<br \/>Valdemar Vicente Graciano Neto &#8211; Universidade Federal de Goi\u00e1s<br \/>Vanessa Nunes &#8211; Universidade de Bras\u00edlia<br \/>Vinicius Garcia &#8211; Universidade Federal de Pernambuco<\/p>\t\t\t\t\t\t\t\t<\/div>\n\t\t\t\t<\/div>\n\t\t\t\t<div class=\"elementor-element elementor-element-c81061d elementor-widget elementor-widget-html\" data-id=\"c81061d\" data-element_type=\"widget\" data-e-type=\"widget\" id=\"contato\" data-settings=\"{&quot;ekit_we_effect_on&quot;:&quot;none&quot;}\" data-widget_type=\"html.default\">\n\t\t\t\t<div class=\"elementor-widget-container\">\n\t\t\t\t\t<h2 class=\"section-title\" style=\"font-size:40px\">\n            <span class=\"sub-title\"><\/span>\n\t\t\t\n<em class=\"title-bar-shap\">Contato\n<\/em>\n        <\/h2>\t\t\t\t<\/div>\n\t\t\t\t<\/div>\n\t\t\t\t<div class=\"elementor-element elementor-element-ec7c136 elementor-widget elementor-widget-text-editor\" data-id=\"ec7c136\" data-element_type=\"widget\" data-e-type=\"widget\" data-settings=\"{&quot;ekit_we_effect_on&quot;:&quot;none&quot;}\" data-widget_type=\"text-editor.default\">\n\t\t\t\t<div class=\"elementor-widget-container\">\n\t\t\t\t\t\t\t\t\t<p>Vanessa Nunes &#8211; vanunes@gmail.com &#8211; Organiza\u00e7\u00e3o Geral<\/p>\t\t\t\t\t\t\t\t<\/div>\n\t\t\t\t<\/div>\n\t\t\t\t\t<\/div>\n\t\t<\/div>\n\t\t\t\t<div class=\"elementor-column elementor-col-50 elementor-top-column elementor-element elementor-element-0fdcb1b\" data-id=\"0fdcb1b\" data-element_type=\"column\" data-e-type=\"column\" id=\"menuside\">\n\t\t\t<div class=\"elementor-widget-wrap elementor-element-populated\">\n\t\t\t\t\t\t<div class=\"elementor-element elementor-element-7d0531d elementor-widget elementor-widget-heading\" data-id=\"7d0531d\" data-element_type=\"widget\" data-e-type=\"widget\" data-settings=\"{&quot;ekit_we_effect_on&quot;:&quot;none&quot;}\" data-widget_type=\"heading.default\">\n\t\t\t\t<div class=\"elementor-widget-container\">\n\t\t\t\t\t<h2 class=\"elementor-heading-title elementor-size-default\">Menu<\/h2>\t\t\t\t<\/div>\n\t\t\t\t<\/div>\n\t\t\t\t<div class=\"elementor-element elementor-element-50795b8 elementor-align-left elementor-widget elementor-widget-button\" data-id=\"50795b8\" data-element_type=\"widget\" data-e-type=\"widget\" data-settings=\"{&quot;ekit_we_effect_on&quot;:&quot;none&quot;}\" data-widget_type=\"button.default\">\n\t\t\t\t<div class=\"elementor-widget-container\">\n\t\t\t\t\t\t\t\t\t<div class=\"elementor-button-wrapper\">\n\t\t\t\t\t<a class=\"elementor-button elementor-button-link elementor-size-sm\" href=\"#programacao\">\n\t\t\t\t\t\t<span class=\"elementor-button-content-wrapper\">\n\t\t\t\t\t\t\t\t\t<span class=\"elementor-button-text\">Programa\u00e7\u00e3o<\/span>\n\t\t\t\t\t<\/span>\n\t\t\t\t\t<\/a>\n\t\t\t\t<\/div>\n\t\t\t\t\t\t\t\t<\/div>\n\t\t\t\t<\/div>\n\t\t\t\t<div class=\"elementor-element elementor-element-b45c9f5 elementor-align-left elementor-widget elementor-widget-button\" data-id=\"b45c9f5\" data-element_type=\"widget\" data-e-type=\"widget\" data-settings=\"{&quot;ekit_we_effect_on&quot;:&quot;none&quot;}\" data-widget_type=\"button.default\">\n\t\t\t\t<div class=\"elementor-widget-container\">\n\t\t\t\t\t\t\t\t\t<div class=\"elementor-button-wrapper\">\n\t\t\t\t\t<a class=\"elementor-button elementor-button-link elementor-size-sm\" href=\"https:\/\/sol.sbc.org.br\/index.php\/wcge\/issue\/view\/948\" target=\"_blank\">\n\t\t\t\t\t\t<span class=\"elementor-button-content-wrapper\">\n\t\t\t\t\t\t\t\t\t<span class=\"elementor-button-text\">Anais<\/span>\n\t\t\t\t\t<\/span>\n\t\t\t\t\t<\/a>\n\t\t\t\t<\/div>\n\t\t\t\t\t\t\t\t<\/div>\n\t\t\t\t<\/div>\n\t\t\t\t<div class=\"elementor-element elementor-element-e6dc9ac elementor-align-left elementor-widget elementor-widget-button\" data-id=\"e6dc9ac\" data-element_type=\"widget\" data-e-type=\"widget\" data-settings=\"{&quot;ekit_we_effect_on&quot;:&quot;none&quot;}\" data-widget_type=\"button.default\">\n\t\t\t\t<div class=\"elementor-widget-container\">\n\t\t\t\t\t\t\t\t\t<div class=\"elementor-button-wrapper\">\n\t\t\t\t\t<a class=\"elementor-button elementor-button-link elementor-size-sm\" href=\"#sobre\">\n\t\t\t\t\t\t<span class=\"elementor-button-content-wrapper\">\n\t\t\t\t\t\t\t\t\t<span class=\"elementor-button-text\">Sobre o evento<\/span>\n\t\t\t\t\t<\/span>\n\t\t\t\t\t<\/a>\n\t\t\t\t<\/div>\n\t\t\t\t\t\t\t\t<\/div>\n\t\t\t\t<\/div>\n\t\t\t\t<div class=\"elementor-element elementor-element-2c5bb40 elementor-widget elementor-widget-button\" data-id=\"2c5bb40\" data-element_type=\"widget\" data-e-type=\"widget\" data-settings=\"{&quot;ekit_we_effect_on&quot;:&quot;none&quot;}\" data-widget_type=\"button.default\">\n\t\t\t\t<div class=\"elementor-widget-container\">\n\t\t\t\t\t\t\t\t\t<div class=\"elementor-button-wrapper\">\n\t\t\t\t\t<a class=\"elementor-button elementor-button-link elementor-size-sm\" href=\"#chamada\">\n\t\t\t\t\t\t<span class=\"elementor-button-content-wrapper\">\n\t\t\t\t\t\t\t\t\t<span class=\"elementor-button-text\">Chamada de Trabalhos<\/span>\n\t\t\t\t\t<\/span>\n\t\t\t\t\t<\/a>\n\t\t\t\t<\/div>\n\t\t\t\t\t\t\t\t<\/div>\n\t\t\t\t<\/div>\n\t\t\t\t<div class=\"elementor-element elementor-element-08fedce elementor-widget elementor-widget-button\" data-id=\"08fedce\" data-element_type=\"widget\" data-e-type=\"widget\" data-settings=\"{&quot;ekit_we_effect_on&quot;:&quot;none&quot;}\" data-widget_type=\"button.default\">\n\t\t\t\t<div class=\"elementor-widget-container\">\n\t\t\t\t\t\t\t\t\t<div class=\"elementor-button-wrapper\">\n\t\t\t\t\t<a class=\"elementor-button elementor-button-link elementor-size-sm\" href=\"#topicos\">\n\t\t\t\t\t\t<span class=\"elementor-button-content-wrapper\">\n\t\t\t\t\t\t\t\t\t<span class=\"elementor-button-text\">T\u00f3picos de Interesse<\/span>\n\t\t\t\t\t<\/span>\n\t\t\t\t\t<\/a>\n\t\t\t\t<\/div>\n\t\t\t\t\t\t\t\t<\/div>\n\t\t\t\t<\/div>\n\t\t\t\t<div class=\"elementor-element elementor-element-1a400a7 elementor-widget elementor-widget-button\" data-id=\"1a400a7\" data-element_type=\"widget\" data-e-type=\"widget\" data-settings=\"{&quot;ekit_we_effect_on&quot;:&quot;none&quot;}\" data-widget_type=\"button.default\">\n\t\t\t\t<div class=\"elementor-widget-container\">\n\t\t\t\t\t\t\t\t\t<div class=\"elementor-button-wrapper\">\n\t\t\t\t\t<a class=\"elementor-button elementor-button-link elementor-size-sm\" href=\"#submissao\">\n\t\t\t\t\t\t<span class=\"elementor-button-content-wrapper\">\n\t\t\t\t\t\t\t\t\t<span class=\"elementor-button-text\">Instru\u00e7\u00f5es para submiss\u00e3o<\/span>\n\t\t\t\t\t<\/span>\n\t\t\t\t\t<\/a>\n\t\t\t\t<\/div>\n\t\t\t\t\t\t\t\t<\/div>\n\t\t\t\t<\/div>\n\t\t\t\t<div class=\"elementor-element elementor-element-3edad05 elementor-widget elementor-widget-button\" data-id=\"3edad05\" data-element_type=\"widget\" data-e-type=\"widget\" data-settings=\"{&quot;ekit_we_effect_on&quot;:&quot;none&quot;}\" data-widget_type=\"button.default\">\n\t\t\t\t<div class=\"elementor-widget-container\">\n\t\t\t\t\t\t\t\t\t<div class=\"elementor-button-wrapper\">\n\t\t\t\t\t<a class=\"elementor-button elementor-button-link elementor-size-sm\" href=\"#datasimportantes\">\n\t\t\t\t\t\t<span class=\"elementor-button-content-wrapper\">\n\t\t\t\t\t\t\t\t\t<span class=\"elementor-button-text\">Datas Importantes<\/span>\n\t\t\t\t\t<\/span>\n\t\t\t\t\t<\/a>\n\t\t\t\t<\/div>\n\t\t\t\t\t\t\t\t<\/div>\n\t\t\t\t<\/div>\n\t\t\t\t<div class=\"elementor-element elementor-element-1029d15 elementor-widget elementor-widget-button\" data-id=\"1029d15\" data-element_type=\"widget\" data-e-type=\"widget\" data-settings=\"{&quot;ekit_we_effect_on&quot;:&quot;none&quot;}\" data-widget_type=\"button.default\">\n\t\t\t\t<div class=\"elementor-widget-container\">\n\t\t\t\t\t\t\t\t\t<div class=\"elementor-button-wrapper\">\n\t\t\t\t\t<a class=\"elementor-button elementor-button-link elementor-size-sm\" href=\"#inscricaoautores\">\n\t\t\t\t\t\t<span class=\"elementor-button-content-wrapper\">\n\t\t\t\t\t\t\t\t\t<span class=\"elementor-button-text\">Inscri\u00e7\u00e3o de autores<\/span>\n\t\t\t\t\t<\/span>\n\t\t\t\t\t<\/a>\n\t\t\t\t<\/div>\n\t\t\t\t\t\t\t\t<\/div>\n\t\t\t\t<\/div>\n\t\t\t\t<div class=\"elementor-element elementor-element-8403e41 elementor-widget elementor-widget-button\" data-id=\"8403e41\" data-element_type=\"widget\" data-e-type=\"widget\" data-settings=\"{&quot;ekit_we_effect_on&quot;:&quot;none&quot;}\" data-widget_type=\"button.default\">\n\t\t\t\t<div class=\"elementor-widget-container\">\n\t\t\t\t\t\t\t\t\t<div class=\"elementor-button-wrapper\">\n\t\t\t\t\t<a class=\"elementor-button elementor-button-link elementor-size-sm\" href=\"#publicacao\">\n\t\t\t\t\t\t<span class=\"elementor-button-content-wrapper\">\n\t\t\t\t\t\t\t\t\t<span class=\"elementor-button-text\">Publica\u00e7\u00e3o de trabalhos<\/span>\n\t\t\t\t\t<\/span>\n\t\t\t\t\t<\/a>\n\t\t\t\t<\/div>\n\t\t\t\t\t\t\t\t<\/div>\n\t\t\t\t<\/div>\n\t\t\t\t<div class=\"elementor-element elementor-element-52c0bfc elementor-widget elementor-widget-button\" data-id=\"52c0bfc\" data-element_type=\"widget\" data-e-type=\"widget\" data-settings=\"{&quot;ekit_we_effect_on&quot;:&quot;none&quot;}\" data-widget_type=\"button.default\">\n\t\t\t\t<div class=\"elementor-widget-container\">\n\t\t\t\t\t\t\t\t\t<div class=\"elementor-button-wrapper\">\n\t\t\t\t\t<a class=\"elementor-button elementor-button-link elementor-size-sm\" href=\"#premiacoes\">\n\t\t\t\t\t\t<span class=\"elementor-button-content-wrapper\">\n\t\t\t\t\t\t\t\t\t<span class=\"elementor-button-text\">Premia\u00e7\u00f5es<\/span>\n\t\t\t\t\t<\/span>\n\t\t\t\t\t<\/a>\n\t\t\t\t<\/div>\n\t\t\t\t\t\t\t\t<\/div>\n\t\t\t\t<\/div>\n\t\t\t\t<div class=\"elementor-element elementor-element-13dd708 elementor-widget elementor-widget-button\" data-id=\"13dd708\" data-element_type=\"widget\" data-e-type=\"widget\" data-settings=\"{&quot;ekit_we_effect_on&quot;:&quot;none&quot;}\" data-widget_type=\"button.default\">\n\t\t\t\t<div class=\"elementor-widget-container\">\n\t\t\t\t\t\t\t\t\t<div class=\"elementor-button-wrapper\">\n\t\t\t\t\t<a class=\"elementor-button elementor-button-link elementor-size-sm\" href=\"#organizacao\">\n\t\t\t\t\t\t<span class=\"elementor-button-content-wrapper\">\n\t\t\t\t\t\t\t\t\t<span class=\"elementor-button-text\">Organiza\u00e7\u00e3o<\/span>\n\t\t\t\t\t<\/span>\n\t\t\t\t\t<\/a>\n\t\t\t\t<\/div>\n\t\t\t\t\t\t\t\t<\/div>\n\t\t\t\t<\/div>\n\t\t\t\t<div class=\"elementor-element elementor-element-410c34c elementor-align-left elementor-widget elementor-widget-button\" data-id=\"410c34c\" data-element_type=\"widget\" data-e-type=\"widget\" data-settings=\"{&quot;ekit_we_effect_on&quot;:&quot;none&quot;}\" data-widget_type=\"button.default\">\n\t\t\t\t<div class=\"elementor-widget-container\">\n\t\t\t\t\t\t\t\t\t<div class=\"elementor-button-wrapper\">\n\t\t\t\t\t<a class=\"elementor-button elementor-button-link elementor-size-sm\" href=\"#contato\">\n\t\t\t\t\t\t<span class=\"elementor-button-content-wrapper\">\n\t\t\t\t\t\t\t\t\t<span class=\"elementor-button-text\">Contato<\/span>\n\t\t\t\t\t<\/span>\n\t\t\t\t\t<\/a>\n\t\t\t\t<\/div>\n\t\t\t\t\t\t\t\t<\/div>\n\t\t\t\t<\/div>\n\t\t\t\t\t<\/div>\n\t\t<\/div>\n\t\t\t\t\t<\/div>\n\t\t<\/section>\n\t\t\t\t<\/div>\n\t\t","protected":false},"excerpt":{"rendered":"<p>WCGE 10\u00ba Workshop de Computa\u00e7\u00e3o Aplicada em Governo Eletr\u00f4nico Programa\u00e7\u00e3o 04Agosto09:00ABERTURACerim\u00f4nia de Abertura 04Agosto09:10SESS\u00c3O T\u00c9CNICASess\u00e3o T\u00e9cnica I Usando redes complexas na identificac\u00e3o de empresas fraudulentas em licita\u00e7\u00f5es p\u00fablicasBruno Figueir\u00eado, Gardenya Felix, Ane Pereira, Yuran Vita, Jo\u00e3o Gimaque, Marcos Damasceno Caracteriza\u00e7\u00e3o das Licita\u00e7\u00f5es P\u00fablicas no Estado do Rio de Janeiro: Diversidade, Licitantes \u00danicos e RedesRodrigo Luna, [&hellip;]<\/p>\n","protected":false},"author":1,"featured_media":0,"parent":0,"menu_order":0,"comment_status":"closed","ping_status":"closed","template":"elementor_header_footer","meta":{"inline_featured_image":false,"footnotes":""},"class_list":["post-3292","page","type-page","status-publish","hentry"],"_links":{"self":[{"href":"https:\/\/csbc.sbc.org.br\/2022\/wp-json\/wp\/v2\/pages\/3292","targetHints":{"allow":["GET"]}}],"collection":[{"href":"https:\/\/csbc.sbc.org.br\/2022\/wp-json\/wp\/v2\/pages"}],"about":[{"href":"https:\/\/csbc.sbc.org.br\/2022\/wp-json\/wp\/v2\/types\/page"}],"author":[{"embeddable":true,"href":"https:\/\/csbc.sbc.org.br\/2022\/wp-json\/wp\/v2\/users\/1"}],"replies":[{"embeddable":true,"href":"https:\/\/csbc.sbc.org.br\/2022\/wp-json\/wp\/v2\/comments?post=3292"}],"version-history":[{"count":52,"href":"https:\/\/csbc.sbc.org.br\/2022\/wp-json\/wp\/v2\/pages\/3292\/revisions"}],"predecessor-version":[{"id":6855,"href":"https:\/\/csbc.sbc.org.br\/2022\/wp-json\/wp\/v2\/pages\/3292\/revisions\/6855"}],"wp:attachment":[{"href":"https:\/\/csbc.sbc.org.br\/2022\/wp-json\/wp\/v2\/media?parent=3292"}],"curies":[{"name":"wp","href":"https:\/\/api.w.org\/{rel}","templated":true}]}}